{"id":559,"date":"2026-03-08T18:00:00","date_gmt":"2026-03-08T17:00:00","guid":{"rendered":"http:\/\/www.gittas-verkstad.com\/de\/?page_id=559"},"modified":"2026-04-29T16:29:59","modified_gmt":"2026-04-29T14:29:59","slug":"kurse-faerben-mit-pflanzenfarben","status":"publish","type":"page","link":"https:\/\/www.gittas-verkstad.com\/de\/kurse-faerben-mit-pflanzenfarben\/","title":{"rendered":"Pflanzenf\u00e4rbekurse 2026"},"content":{"rendered":"\n<p>Auch im Sommer 2026 k\u00f6nnen Sie in Gittas verkstad die traditionelle Technik des F\u00e4rbens mit Pflanzen und anderen Naturmaterialien erlernen oder wieder auffrischen. Das F\u00e4rben mit Pflanzen fasziniert mich seit vielen Jahren und seit 2016 biete ich Kurse an. Erleben Sie die Welt der Pflanzenfarben bei einem F\u00e4rbekurs in dem beschaulichen Ort Lennartsfors in Schweden.<\/p>\n\n\n\n<p>Auf unserem kleinen Hof Gjut\u00e5s in K\u00e4llsbyn \/ Lennartsfors (\u00c5rj\u00e4ngs Kommune, V\u00e4rmland) biete ich im Sommer pers\u00f6nlich gef\u00fchrte Naturfarben Workshops an. Dabei verbinde ich traditionelles Handwerk mit nachhaltiger Praxis.<\/p>\n\n\n\n<p>Pflanzenf\u00e4rben ist eine jahrhundertealte Technik. Dabei werden Garn und Naturfasern mit Farben direkt aus Pflanzen gef\u00e4rbt. Die Ergebnisse sind lebendig, harmonisch und dauerhaft. So entsthen nat\u00fcrliche Farbt\u00f6ne mit ganz besonderem Charakter.<\/p>\n\n\n\n<p>Wenn Sie Pflanzenf\u00e4rben in V\u00e4rmland in einem kleinen, pers\u00f6nlichen Rahmen kennenlernen m\u00f6chten, sind Sie bei uns richtig.<br><\/p>\n\n\n\n<h2 class=\"wp-block-heading\">Kleine Gruppen \u2013 intensive Erfahrung<\/h2>\n\n\n\n<p>Die Pflanzenf\u00e4rbekurse in Gittas Verkstatt finden bewusst in kleinen Gruppen statt. Dadurch bleibt ausreichend Zeit f\u00fcr Fragen und individuellen Austausch.<\/p>\n\n\n\n<p>Zwei bis maximal sechs Teilnehmer f\u00e4rben gemeinsam unter unseren Gartenpavillons im Freien. Wir arbeiten auf elektrischen Kochplatten oder mit elektrisch beheizten T\u00f6pfen. Dabei erkl\u00e4re ich jeden Arbeitsschritt ausf\u00fchrlich. Die Anzahl der Farbb\u00e4der ist \u00fcberschaubar. Somit k\u00f6nnen Sie die Arbeitsschritte gut nachvollziehen. Dieses erm\u00f6glicht Ihnen anschlie\u00dfend zu Hause selbstst\u00e4ndig weiterzuf\u00e4rben. <\/p>\n\n\n\n<p>W\u00e4hrend eines Kurstages k\u00f6nnen Sie zwischen 400 g und 600 g Garn. Geeignet sind reine Wolle oder andere Naturfasern. Ihr Garn bringen Sie selbst mit oder erwerben es bei mir. Ich habe hochwertiges Pflanzenf\u00e4rbegarn von Kinna Textil (2-, 3- oder 4-f\u00e4dig) zu einem Preis von 65 SEK pro 100 g vorr\u00e4tig.<br><\/p>\n\n\n\n<h2 class=\"wp-block-heading\">Allgemeine Informationen zu den Kursen<\/h2>\n\n\n\n<p>Die Kurse beginnen um 11:00 Uhr und enden gegen 17:00 Uhr. Zu Beginn tauschen wir kurz unsere Erfahrungen mit dem Pflanzenf\u00e4rben aus. Anschlie\u00dfend bereiten wir das zu f\u00e4rbende Garn vor und beizen es. Zeitgleich bereiten wiur die verschiedenen Farbb\u00e4der vor. Nach dem Mittagsimbiss beginnt das F\u00e4rben. Zum Abschluss sp\u00fclen wir das Garn und erfreuen uns an den nat\u00fcrlich gef\u00e4rbten Garnen.<\/p>\n\n\n\n<p>Verpflegung: Kaffee am Vormittag, kaltes Mittagsbuffet mit selbstgebackenem Brot, Aufschnitt, K\u00e4se und Beilagen sowie Nachmittagskaffee. Unvertr\u00e4glichkeiten geben Sie mir bitte bei Ihrer Anmeldung mit an.<\/p>\n\n\n\n<p>Ich biete Grundkurse, Fortsetzungskurse und neuerdings auch einen Experimentierkurs an. Meine Termine sind so geplant, dass Sie den Grund- und den Fortsetzungskurs direkt hintereinander besuchen k\u00f6nnen. Der Experimentierkurs findet an einem gesonderten Termin statt.<\/p>\n\n\n\n<p>Wenn Sie zuerst den Grundkurs und gleich im Anschluss den Fortsetzungskurs besuchen, erhalten Sie Garn in einer umfangreichen Farbpalette:<br>Im Grundkurs entstehen vor allem Gelb-, Orange-, Braun- und Olivt\u00f6ne.<br>Im Fortsetzungskurs kommen dar\u00fcber hinaus Rot-, Lila-, Blau- und Gr\u00fcnt\u00f6ne dazu.<br><\/p>\n\n\n\n<h2 class=\"wp-block-heading\">Grundkurs \u2013 Pflanzenf\u00e4rben mit heimischen Pflanzen<\/h2>\n\n\n\n<p>Im Grundkurs arbeiten wir mit Pflanzen aus der n\u00e4heren Umgebung von Gjut\u00e5s.<br>Je nach Jahreszeit f\u00e4rben wir unter anderem mit: Zwiebelschalen, Ackerschachtelhalm,<br>Johanniskraut, Rainfarn, Birkenbl\u00e4ttern und M\u00e4des\u00fc\u00df<\/p>\n\n\n\n<p>So erlernen Sie die Grundlagen des F\u00e4rbens mit Pflanzen aus V\u00e4rmland.Dazu geh\u00f6ren insbesondere Beizen, Vorbereitung und der sichere Umgang mit Naturfarben.<br>Dieser Naturfarben Workshop eignet sich besonders f\u00fcr Einsteiger.<br><br>Die Kursgeb\u00fchr betr\u00e4gt 750 SEK inklusive Material zum F\u00e4rben und Verpflegung.<br>Das Garn bringen Sie selbst mit oder erwerben es bei mi<\/p>\n\n\n<style>\r\n\/*===== general options =========*\/\r\na {\r\n    box-shadow: none !important;\r\n}\r\n\r\n.view *:not(i), .album_categories *, .album_back_button *, #album_disabled_layer {\r\n    font-family: sans-serif, Arial, Verdana, Sylfaen !important;\r\n}\r\n\r\n#album_disabled_layer {\r\n    display: none;\r\n    position: absolute;\r\n    width: 100%;\r\n    height: 100%;\r\n    text-align: center;\r\n    background-color: transparent;\r\n    z-index: 10;\r\n    padding-top: 20px;\r\n    color: #fff;\r\n}\r\n\r\n#album_list_container {\r\n    position: relative;\r\n}\r\n\r\n\/* ====================== album onhover styles ==========================*\/\r\n\r\n#album_list .view {\r\n    -webkit-box-sizing: border-box;\r\n    -moz-box-sizing: border-box;\r\n    -o-box-sizing: border-box;\r\n    display: none;\r\n\r\n}\r\n\r\n.view .mask,\r\n.view .content {\r\n    width: 100%;\r\n    height: 100%;\r\n    position: absolute;\r\n    overflow: hidden;\r\n    top: 0;\r\n    left: 0;\r\n}\r\n\r\n.view h2 {\r\n    text-transform: uppercase;\r\n    color: #fff;\r\n    text-align: center;\r\n    position: relative;\r\n    font-size: 17px;\r\n    font-family: Raleway, serif;\r\n    padding: 10px;\r\n    \/*background: rgba(0, 0, 0, 0.8);*\/\r\n    margin: 20px 0 0 0;\r\n\r\n}\r\n\r\n.album_back_button a, .view a {\r\n    text-decoration: none !important;\r\n}\r\n\r\n.view p {\r\n    font-family: Merriweather, serif;\r\n    font-style: italic;\r\n    font-size: 14px;\r\n    position: relative;\r\n    color: #fff;\r\n    padding: 0px 20px 0px;\r\n    text-align: center;\r\n\r\n}\r\n\r\n.view a.info {\r\n    display: inline-block;\r\n    text-decoration: none;\r\n    font-size: 13px;\r\n    padding: 2px 14px;\r\n    margin-bottom: 3px;\r\n    background: #000;\r\n    color: #fff;\r\n    font-family: Raleway, serif;\r\n    text-transform: uppercase;\r\n    box-shadow: 0 0 1px #000\r\n}\r\n\r\n.mask-text h2 {\r\n    font-size: 20px !important;\r\n}\r\n\r\n.view a.info:hover {\r\n    box-shadow: 0 0 5px #000\r\n}\r\n\r\n.view .mask-bg {\r\n    height: 100%;\r\n}\r\n\r\n.view .album_social {\r\n    color: #fff;\r\n    position: absolute;\r\n    bottom: 3px;\r\n    left: 3px;\r\n    border: 1px solid #ffffff;\r\n    -webkit-border-radius: 3px;\r\n    -moz-border-radius: 3px;\r\n    border-radius: 3px;\r\n    padding: 3px 5px;\r\n\r\n}\r\n\r\n.view .album_social:active, .view .album_social:focus, .view .album_social:hover {\r\n    color: #ffffff;\r\n    outline: none;\r\n}\r\n\r\n\/*1*\/\r\n\r\n.view .info {\r\n    margin-top: 5px;\r\n}\r\n\r\n.view-first .mask {\r\n    opacity: 0;\r\n    background-color: rgba(0, 0, 0, 0.7);\r\n    transition: all 0.4s ease-in-out;\r\n\r\n}\r\n\r\n.view-first h2 {\r\n    transform: translateY(-100px);\r\n    opacity: 0;\r\n    font-family: Raleway, serif;\r\n    transition: all 0.2s ease-in-out;\r\n}\r\n\r\n.view-first p {\r\n    transform: translateY(100px);\r\n    opacity: 0;\r\n    transition: all 0.2s linear;\r\n}\r\n\r\n.view-first a.info {\r\n    opacity: 0;\r\n    transition: all 0.2s ease-in-out;\r\n}\r\n\r\n\/* *\/\r\n\r\n.view-first:hover img {\r\n    \/*transform: scale(1.1);*\/\r\n}\r\n\r\n.view-first:hover .mask {\r\n    opacity: 1;\r\n}\r\n\r\n.view-first:hover h2,\r\n.view-first:hover p,\r\n.view-first:hover a.info {\r\n    opacity: 1;\r\n    transform: translateY(0px);\r\n}\r\n\r\n.view-first:hover p {\r\n    transition-delay: 0.1s;\r\n}\r\n\r\n.view-first:hover a.info {\r\n    transition-delay: 0.2s;\r\n}\r\n\r\n\/*2*\/\r\n.view-second img {\r\n    -webkit-filter: grayscale(0) blur(0);\r\n    filter: grayscale(0) blur(0);\r\n    -webkit-transition: .3s ease-in-out;\r\n    transition: .3s ease-in-out;\r\n}\r\n\r\n.view-second .mask {\r\n    background-color: rgba(226, 200, 127, 0.2);\r\n    transition: all 0.5s linear;\r\n    opacity: 0;\r\n}\r\n\r\n.view-second h2 {\r\n    background: transparent;\r\n    margin: 20px 40px 0px 40px;\r\n    transform: scale(0);\r\n    color: #333;\r\n    transition: all 0.5s linear;\r\n    opacity: 0;\r\n}\r\n\r\n.view-second p {\r\n    opacity: 0;\r\n    transform: scale(0);\r\n    transition: all 0.5s linear;\r\n}\r\n\r\n.view-second a.info {\r\n    opacity: 0;\r\n    transform: scale(0);\r\n    transition: all 0.5s linear;\r\n}\r\n\r\n.view-second:hover img {\r\n    -webkit-filter: grayscale(100%) blur(3px);\r\n    filter: grayscale(100%) blur(3px);\r\n}\r\n\r\n.view-second:hover .mask {\r\n    opacity: 1;\r\n}\r\n\r\n.view-second:hover h2,\r\n.view-second:hover p,\r\n.view-second:hover a.info {\r\n    transform: scale(1);\r\n    opacity: 1;\r\n}\r\n\r\n.view-second img {\r\n    -webkit-filter: grayscale(0) blur(0);\r\n    filter: grayscale(0) blur(0);\r\n    -webkit-transition: .3s ease-in-out;\r\n    transition: .3s ease-in-out;\r\n}\r\n\r\n.view-second:hover img {\r\n    -webkit-filter: grayscale(100%) blur(3px);\r\n    filter: grayscale(100%) blur(3px);\r\n}\r\n\r\n\/*3*\/\r\n\r\n.view-third img {\r\n    transform: scaleY(1);\r\n    transition: all .7s ease-in-out;\r\n}\r\n\r\n.view-third a.info {\r\n    opacity: 0;\r\n    transform: scale(0);\r\n    transition: all 0.5s linear;\r\n}\r\n\r\n.view-third:hover img {\r\n    -webkit-transform: scale(10);\r\n    transform: scale(10);\r\n    opacity: 0;\r\n}\r\n\r\n.view-third:hover .mask {\r\n    opacity: 1;\r\n}\r\n\r\n.view-third:hover h2,\r\n.view-third:hover p,\r\n.view-third:hover a.info {\r\n    transform: scale(1);\r\n    opacity: 1;\r\n}\r\n\r\n\/* ==== view 4 ===*\/\r\n\r\n.view-forth-wrapper {\r\n    overflow: hidden;\r\n    position: relative !important;\r\n    height: 100%;\r\n    \/* cursor: pointer;*\/\r\n}\r\n\r\n.view-forth img {\r\n    max-width: 100%;\r\n    position: relative;\r\n    top: 0;\r\n    -webkit-transition: all 600ms cubic-bezier(0.645, 0.045, 0.355, 1);\r\n    transition: all 600ms cubic-bezier(0.645, 0.045, 0.355, 1);\r\n}\r\n\r\n.view-forth .mask {\r\n    position: absolute;\r\n    width: 100%;\r\n    \/*    height: 70px;*\/\r\n    \/*    bottom: -70px;*\/\r\n    height: 50%;\r\n    bottom: -50%;\r\n    -webkit-transition: all 300ms cubic-bezier(0.645, 0.045, 0.355, 1);\r\n    transition: all 300ms cubic-bezier(0.645, 0.045, 0.355, 1);\r\n    top: inherit;\r\n}\r\n\r\n.view-forth:hover .mask {\r\n    bottom: 0;\r\n}\r\n\r\n.view-forth:hover img {\r\n    top: -30px;\r\n}\r\n\r\n\/*==  view 5 ==*\/\r\n\r\n.view-fifth .view-fifth-wrapper,\r\n.view-fifth .view-fifth-wrapper img {\r\n    display: block;\r\n    position: relative;\r\n}\r\n\r\n.view-fifth .view-fifth-wrapper {\r\n    overflow: hidden;\r\n    height: 100%;\r\n}\r\n\r\n.view-fifth .view-fifth-wrapper .mask {\r\n    display: none;\r\n    position: absolute;\r\n    background: #333;\r\n    background: rgba(75, 75, 75, 0.7);\r\n    width: 100%;\r\n    height: 100%;\r\n}\r\n\r\n\/* ====================== album category styles ==========================*\/\r\n\r\n#filters {\r\n    margin: 1% 0;\r\n    padding: 0;\r\n    list-style: none;\r\n    list-style-type: none !important;\r\n\r\n}\r\n\r\n#filters li {\r\n    float: left;\r\n    list-style-type: none !important;\r\n}\r\n\r\n#filters li:first-child span {\r\n    margin-left: 0px;\r\n}\r\n\r\n#filters li span {\r\n    display: block;\r\n    text-decoration: none;\r\n    cursor: pointer;\r\n}\r\n\r\n.album_categories {\r\n    list-style-type: none;\r\n    margin: 0;\r\n    padding: 0;\r\n    overflow: hidden;\r\n    padding-top: 5px;\r\n}\r\n\r\n\/*=========  sharing buttons  ============*\/\r\n\r\n.album_socials {\r\n    position: relative;\r\n    top: 3px;\r\n    width: 100px;\r\n    height: 28px;\r\n    margin: 0 auto;\r\n}\r\n\r\n.album_socials .rwd-share-buttons {\r\n    top: 0px !important;\r\n    width: 100% !important;\r\n    margin: 0px !important;\r\n}\r\n\r\n.album_socials a {\r\n    text-decoration: underline !important;\r\n}\r\n\r\n.gallery_images, .album_image_place {\r\n    margin-top: 15px;\r\n    margin-top: 15px;\r\n}\r\n\r\n#rwd-share-facebook:hover {\r\n    background-position: 0 -31px !important;\r\n}\r\n\r\n#rwd-share-twitter:hover {\r\n    background-position: -31px 32px !important;\r\n}\r\n\r\n#rwd-share-googleplus:hover {\r\n    background-position: -66px -31px !important;\r\n}\r\n\r\n.rwd-share-buttons li, .rwd-share-buttons li a {\r\n    width: 26px !important;\r\n    border: 0px !important;\r\n}\r\n\r\n.rwd-share-buttons {\r\n    top: 0 !important;\r\n}\r\n\r\n.img_link_btn {\r\n    position: absolute;\r\n    z-index: 99999;\r\n    bottom: 0;\r\n    left: 0;\r\n    right: 0;\r\n    width: 100%;\r\n    padding: 8px;\r\n}\r\n\r\n.rwd-title {\r\n    padding: 10px 0px !important;\r\n}\r\n\r\n@media only screen and (max-width: 475px) {\r\n    .rwd-share-buttons {\r\n        top: -25px !important;\r\n    }\r\n\r\n    .rwd-title-text {\r\n        line-height: 15px;\r\n    }\r\n}\r\n\r\n\/*=========  hover style ===========*\/\r\n\r\n#hover {\r\n    color: rgba(188, 175, 204, 0.9);\r\n}\r\n\r\nh2#testimonials {\r\n    color: #fffae3;\r\n}\r\n\r\ndiv#all {\r\n    width: 100%;\r\n    height: 100%;\r\n}\r\n\r\n.view img {\r\n    height: auto;\r\n}\r\n\r\n.view {\r\n    color: #fff;\r\n    margin: 0 10px 10px 0;\r\n    overflow: hidden;\r\n    position: relative;\r\n    text-align: center;\r\n    float: left;\r\n    cursor: default;\r\n    border: 1px solid #ccc;\r\n}\r\n\r\n.view-wrapper {\r\n    height: 100%;\r\n}\r\n\r\n.view img {\r\n    display: block;\r\n    position: relative;\r\n    transition: all 0.2s linear;\r\n    height: 100%;\r\n    width: auto;\r\n    max-width: 100%;\r\n    margin: 0 auto;\r\n}\r\n\r\n.mask-text h2 {\r\n    font-size: 20px !important;\r\n    margin-top: 20px !important;\r\n}\r\n\r\n\/* view 1 *\/\r\n\r\n.view-first .text-category, .view-first .mask-text h2, .view-first .mask-text p {\r\n    color: #fff;\r\n}\r\n\r\n\/*  view 2 *\/\r\n.view-second .text-category, .view-second .mask-text h2, .view-second p {\r\n    color: #333;\r\n}\r\n\r\n.view-second .mask-text h2 {\r\n    border-bottom: 1px solid #333;\r\n}\r\n\r\n\/* view 3*\/\r\n.view-third .mask {\r\n    background-color: #ccc;\r\n    transition: all 0.5s linear;\r\n    opacity: 0;\r\n    color: #333;\r\n}\r\n\r\n.view-third h2 {\r\n    border-bottom: 1px solid #333;\r\n    background: transparent;\r\n    margin: 20px 40px 0px 40px;\r\n    transform: scale(0);\r\n    color: #333;\r\n    transition: all 0.5s linear;\r\n    opacity: 0;\r\n}\r\n\r\n.view-third p {\r\n    color: #333;\r\n    opacity: 0;\r\n    transform: scale(0);\r\n    transition: all 0.5s linear;\r\n}\r\n\r\n.view-third .text-category {\r\n    color: #333;\r\n}\r\n\r\n\/* view 4 *\/\r\n\r\n.view-forth .mask-bg {\r\n    background: #333;\r\n    width: 100%;\r\n    height: 100%;\r\n    position: absolute;\r\n    top: 0;\r\n    left: 0;\r\n}\r\n\r\n.view-forth .mask-text {\r\n    color: #fff;\r\n    position: relative;\r\n    z-index: 500;\r\n    padding: 5px 8px;\r\n}\r\n\r\n.view-forth .mask-text h2 {\r\n    margin: 0px;\r\n    font-size: 13px;\r\n    padding: 2px;\r\n    color: #fff;\r\n}\r\n\r\n.view-forth .mask-text h2:hover {\r\n    cursor: pointer;\r\n}\r\n\r\n.view-forth .text-category {\r\n    display: block;\r\n    font-size: 15px;\r\n    color: #fff;\r\n}\r\n\r\n.view-forth p {\r\n    color: #fff;\r\n}\r\n\r\n\/* view 5 *\/\r\n.view-fifth .text-category, .view-fifth .text-category *, .view-fifth .mask-text h2, .view-fifth .mask-text p {\r\n    color: #fff;\r\n}\r\n\r\n<\/style>\r\n    <input type=\"hidden\" name=\"view_style\" value=\"view-first\">\r\n\r\n    <section id=\"huge_it_gallery_content_48\" class=\"gallery-img-content\"\r\n             data-gallery-id=\"48\"\r\n             data-content-per-page=\"5\"\r\n             data-rating-type=\"off\">\r\n        <div id=\"huge_it_gallery_container_48\"\r\n             data-show-center=\"off\"\r\n             class=\"huge_it_gallery_container super-list variable-sizes clearfix view-lightbox-gallery\">\r\n            <div id=\"huge_it_gallery_container_moving_48\"\r\n                 class=\"super-list variable-sizes clearfix\">\r\n                <input type=\"hidden\" class=\"pagenum\" value=\"1\"\/>\r\n                                <input type=\"hidden\" id=\"total\" value=\"2\"\/>\r\n                                    <div class=\"view view-first element element_48\" tabindex=\"0\"\r\n                         data-symbol=\" Pflanzenf\u00e4rben-Gittas-verkstad\" data-category=\"alkaline-earth\">\r\n                        <div class=\"view-first-wrapper view-wrapper\">\r\n                                                                                                                <a href=\"https:\/\/www.gittas-verkstad.com\/de\/wp-content\/uploads\/sites\/8\/2020\/02\/Pflanzenf\u00e4rben-auf-Gjut\u00e5s-Gittas-verkstad.jpg\"\r\n                               title=\" Pflanzenf\u00e4rben-Gittas-verkstad\"><img decoding=\"async\"\r\n                                        alt=\" Pflanzenf\u00e4rben-Gittas-verkstad\"\r\n                                        id=\"wd-cl-img0\"\r\n                                        title=\" Pflanzenf\u00e4rben-Gittas-verkstad\"\r\n                                        src=\"https:\/\/www.gittas-verkstad.com\/de\/wp-content\/uploads\/sites\/8\/2020\/02\/Pflanzenf\u00e4rben-auf-Gjut\u00e5s-Gittas-verkstad.jpg\"\/>\r\n                                                                                                        <div class=\"mask\">\r\n                                            <div class=\"mask-text\">\r\n                                                                                                    <h2 >\r\n                                                         Pflanzenf\u00e4rben-Gittas-verkstad                                                    <\/h2>\r\n                                                                                                <span class=\"text-category\">Pflanzenf\u00e4rben-Gittas-verkstad<\/span>\r\n                                            <\/div>\r\n                                            <div class=\"mask-bg\">\r\n                                            <\/div>\r\n                                        <\/div>\r\n                                    <\/a>\r\n                        <\/div>\r\n                        \r\n                    <\/div>\r\n                                        <div class=\"view view-first element element_48\" tabindex=\"0\"\r\n                         data-symbol=\"Mit-Rainfarn-gef\u00e4rbte-Wolle\" data-category=\"alkaline-earth\">\r\n                        <div class=\"view-first-wrapper view-wrapper\">\r\n                                                                                                                <a href=\"https:\/\/www.gittas-verkstad.com\/de\/wp-content\/uploads\/sites\/8\/2016\/09\/Mit-Rainfarn-gef\u00e4rbte-Wolle.jpg\"\r\n                               title=\"Mit-Rainfarn-gef\u00e4rbte-Wolle\"><img decoding=\"async\"\r\n                                        alt=\"Mit-Rainfarn-gef\u00e4rbte-Wolle\"\r\n                                        id=\"wd-cl-img1\"\r\n                                        title=\"Mit-Rainfarn-gef\u00e4rbte-Wolle\"\r\n                                        src=\"https:\/\/www.gittas-verkstad.com\/de\/wp-content\/uploads\/sites\/8\/2016\/09\/Mit-Rainfarn-gef\u00e4rbte-Wolle.jpg\"\/>\r\n                                                                                                        <div class=\"mask\">\r\n                                            <div class=\"mask-text\">\r\n                                                                                                    <h2 >\r\n                                                        Mit-Rainfarn-gef\u00e4rbte-Wolle                                                    <\/h2>\r\n                                                                                                <span class=\"text-category\">Mit-Rainfarn-gef\u00e4rbte-Wolle<\/span>\r\n                                            <\/div>\r\n                                            <div class=\"mask-bg\">\r\n                                            <\/div>\r\n                                        <\/div>\r\n                                    <\/a>\r\n                        <\/div>\r\n                        \r\n                    <\/div>\r\n                                        <div class=\"view view-first element element_48\" tabindex=\"0\"\r\n                         data-symbol=\"Wolle-mit-Zwiebelschalen-f\u00e4rben-Giuttas-Verkstad\" data-category=\"alkaline-earth\">\r\n                        <div class=\"view-first-wrapper view-wrapper\">\r\n                                                                                                                <a href=\"https:\/\/www.gittas-verkstad.com\/de\/wp-content\/uploads\/sites\/8\/2016\/04\/Wolle-mit-Zwiebelschalen-f\u00e4rben-e1545597446846.jpg\"\r\n                               title=\"Wolle-mit-Zwiebelschalen-f\u00e4rben-Giuttas-Verkstad\"><img decoding=\"async\"\r\n                                        alt=\"Wolle-mit-Zwiebelschalen-f\u00e4rben-Giuttas-Verkstad\"\r\n                                        id=\"wd-cl-img2\"\r\n                                        title=\"Wolle-mit-Zwiebelschalen-f\u00e4rben-Giuttas-Verkstad\"\r\n                                        src=\"https:\/\/www.gittas-verkstad.com\/de\/wp-content\/uploads\/sites\/8\/2016\/04\/Wolle-mit-Zwiebelschalen-f\u00e4rben-e1545597446846.jpg\"\/>\r\n                                                                                                        <div class=\"mask\">\r\n                                            <div class=\"mask-text\">\r\n                                                                                                    <h2 >\r\n                                                        Wolle-mit-Zwiebelschalen-f\u00e4rben-Giuttas-Verkstad                                                    <\/h2>\r\n                                                                                                <span class=\"text-category\">Wolle-mit-Zwiebelschalen-f\u00e4rben-Giuttas-Verkstad<\/span>\r\n                                            <\/div>\r\n                                            <div class=\"mask-bg\">\r\n                                            <\/div>\r\n                                        <\/div>\r\n                                    <\/a>\r\n                        <\/div>\r\n                        \r\n                    <\/div>\r\n                                        <div class=\"view view-first element element_48\" tabindex=\"0\"\r\n                         data-symbol=\"Mit-M\u00e4des\u00fc\u00df-gef\u00e4rbtes-Garn-Gittas-verkstad\" data-category=\"alkaline-earth\">\r\n                        <div class=\"view-first-wrapper view-wrapper\">\r\n                                                                                                                <a href=\"https:\/\/www.gittas-verkstad.com\/de\/wp-content\/uploads\/sites\/8\/2020\/02\/Pflanzenf\u00e4rben-mit-M\u00e4des\u00fc\u00df-Gittas-verkstad.jpg\"\r\n                               title=\"Mit-M\u00e4des\u00fc\u00df-gef\u00e4rbtes-Garn-Gittas-verkstad\"><img decoding=\"async\"\r\n                                        alt=\"Mit-M\u00e4des\u00fc\u00df-gef\u00e4rbtes-Garn-Gittas-verkstad\"\r\n                                        id=\"wd-cl-img3\"\r\n                                        title=\"Mit-M\u00e4des\u00fc\u00df-gef\u00e4rbtes-Garn-Gittas-verkstad\"\r\n                                        src=\"https:\/\/www.gittas-verkstad.com\/de\/wp-content\/uploads\/sites\/8\/2020\/02\/Pflanzenf\u00e4rben-mit-M\u00e4des\u00fc\u00df-Gittas-verkstad.jpg\"\/>\r\n                                                                                                        <div class=\"mask\">\r\n                                            <div class=\"mask-text\">\r\n                                                                                                    <h2 >\r\n                                                        Mit-M\u00e4des\u00fc\u00df-gef\u00e4rbtes-Garn-Gittas-verkstad                                                    <\/h2>\r\n                                                                                                <span class=\"text-category\">Mit-M\u00e4des\u00fc\u00df-gef\u00e4rbtes-Garn-Gittas-verkstad<\/span>\r\n                                            <\/div>\r\n                                            <div class=\"mask-bg\">\r\n                                            <\/div>\r\n                                        <\/div>\r\n                                    <\/a>\r\n                        <\/div>\r\n                        \r\n                    <\/div>\r\n                                        <div class=\"view view-first element element_48\" tabindex=\"0\"\r\n                         data-symbol=\"mit-zwei-Pflanzenfarben-gef\u00e4rbtes-Garn-Gittas-verkstad\" data-category=\"alkaline-earth\">\r\n                        <div class=\"view-first-wrapper view-wrapper\">\r\n                                                                                                                <a href=\"https:\/\/www.gittas-verkstad.com\/de\/wp-content\/uploads\/sites\/8\/2020\/02\/Mit-zwei-Farben-gef\u00e4rbtes-Garn-Gittas-verkstad.jpg\"\r\n                               title=\"mit-zwei-Pflanzenfarben-gef\u00e4rbtes-Garn-Gittas-verkstad\"><img decoding=\"async\"\r\n                                        alt=\"mit-zwei-Pflanzenfarben-gef\u00e4rbtes-Garn-Gittas-verkstad\"\r\n                                        id=\"wd-cl-img4\"\r\n                                        title=\"mit-zwei-Pflanzenfarben-gef\u00e4rbtes-Garn-Gittas-verkstad\"\r\n                                        src=\"https:\/\/www.gittas-verkstad.com\/de\/wp-content\/uploads\/sites\/8\/2020\/02\/Mit-zwei-Farben-gef\u00e4rbtes-Garn-Gittas-verkstad.jpg\"\/>\r\n                                                                                                        <div class=\"mask\">\r\n                                            <div class=\"mask-text\">\r\n                                                                                                    <h2 >\r\n                                                        mit-zwei-Pflanzenfarben-gef\u00e4rbtes-Garn-Gittas-verkstad                                                    <\/h2>\r\n                                                                                                <span class=\"text-category\">mit-zwei-Pflanzenfarben-gef\u00e4rbtes-Garn-Gittas-verkstad<\/span>\r\n                                            <\/div>\r\n                                            <div class=\"mask-bg\">\r\n                                            <\/div>\r\n                                        <\/div>\r\n                                    <\/a>\r\n                        <\/div>\r\n                        \r\n                    <\/div>\r\n                                        <div class=\"view view-first element element_48\" tabindex=\"0\"\r\n                         data-symbol=\" Grundkurs-Pflanzenf\u00e4rben-Gittas-verkstad\" data-category=\"alkaline-earth\">\r\n                        <div class=\"view-first-wrapper view-wrapper\">\r\n                                                                                                                <a href=\"https:\/\/www.gittas-verkstad.com\/de\/wp-content\/uploads\/sites\/8\/2020\/02\/Grundkurs-Pflanzenf\u00e4rben-Gittas-verkstad.jpg\"\r\n                               title=\" Grundkurs-Pflanzenf\u00e4rben-Gittas-verkstad\"><img decoding=\"async\"\r\n                                        alt=\" Grundkurs-Pflanzenf\u00e4rben-Gittas-verkstad\"\r\n                                        id=\"wd-cl-img5\"\r\n                                        title=\" Grundkurs-Pflanzenf\u00e4rben-Gittas-verkstad\"\r\n                                        src=\"https:\/\/www.gittas-verkstad.com\/de\/wp-content\/uploads\/sites\/8\/2020\/02\/Grundkurs-Pflanzenf\u00e4rben-Gittas-verkstad.jpg\"\/>\r\n                                                                                                        <div class=\"mask\">\r\n                                            <div class=\"mask-text\">\r\n                                                                                                    <h2 >\r\n                                                         Grundkurs-Pflanzenf\u00e4rben-Gittas-verkstad                                                    <\/h2>\r\n                                                                                                <span class=\"text-category\"> Grundkurs-Pflanzenf\u00e4rben-Gittas-verkstad<\/span>\r\n                                            <\/div>\r\n                                            <div class=\"mask-bg\">\r\n                                            <\/div>\r\n                                        <\/div>\r\n                                    <\/a>\r\n                        <\/div>\r\n                        \r\n                    <\/div>\r\n                                <\/div>\r\n            <div class=\"clear\"><\/div>\r\n        <\/div>\r\n        \r\n\r\n    <\/section>\r\n\r\n<style>\r\n.gallery-img-content .clear {\r\n    clear: both;\r\n}\r\n.gallery-img-content a{\r\n    border-bottom: none;\r\n}\r\n.element_48 {\r\n    max-width:275px;\r\n    margin:0 2px 10px 0;\r\n    border:0px solid #eeeeee;\r\n    border-radius:3px;\r\n    outline:none;\r\n    overflow:hidden;\r\n}\r\n.element_48 .image-block_48 {\r\n    position:relative;\r\n    width: 100%;\r\n\twidth:275px;\r\n    max-width:275px;\r\n}\r\n.element_48 .image-block_48 a {display:block;}\r\n.element_48 .image-block_48 img {\r\n    width: 100%;\r\n    max-width:275px !important;\r\n    height:auto;\r\n    display:block;\r\n    border-radius: 0 !important;\r\n    box-shadow: 0 0 0 rgba(0, 0, 0, 0) !important;\r\n}\r\n.element_48 .image-block_48 img:hover {\r\n    cursor: -webkit-zoom-in; cursor: -moz-zoom-in;\r\n}\r\n.element_48 .image-block_48 .play-icon {\r\n    position:absolute;\r\n    top:0;\r\n    left:0;\r\n    width:100%;\r\n    height:100%;\r\n}\r\n\r\n.element_48:hover .title-block_48 {bottom:0;}\r\n.element_48 .title-block_48 a, .element_48 .title-block_48 a:link, .element_48 .title-block_48 a:visited, .element_48 .title-block_48 {\r\n    position:relative;\r\n    margin:0;\r\n    padding:0 1% 0 2%;\r\n    width:97%;\r\n    text-decoration:none !important;\r\n    text-overflow: ellipsis;\r\n    overflow: hidden;\r\n    white-space:nowrap;\r\n    z-index:20;\r\n    font-size: 16px;\r\n    color:#0074A2;\r\n    font-weight:normal;\r\n}\r\n.element_48 .image-block_48  .play-icon.youtube-icon {background:url(https:\/\/www.gittas-verkstad.com\/de\/wp-content\/plugins\/gallery-images\/assets\/images..\/admin_images\/play.youtube.png) center center no-repeat;}\r\n.element_48 .image-block_48  .play-icon.vimeo-icon {background:url(https:\/\/www.gittas-verkstad.com\/de\/wp-content\/plugins\/gallery-images\/assets\/images..\/admin_images\/play.vimeo.png) center center no-repeat;}\r\n.element_48 .title-block_48 {\r\n    position:absolute;\r\n    left:0;\r\n    width:100%;\r\n    padding-top:5px;\r\n    height: 36px;\r\n    bottom:-41px;\r\n    background: rgba(0,0,0,0.8)  !important;\r\n    -webkit-transition: bottom 0.3s ease-out 0.1s;\r\n    -moz-transition: bottom 0.3s ease-out 0.1s;\r\n    -o-transition: bottom 0.3s ease-out 0.1s;\r\n    transition: bottom 0.3s ease-out 0.1s;\r\n}\r\n.element_48 .title-block_48 a:hover, .element_48 .title-block_48 a:focus, .element_48 .title-block_48 a:active {\r\n    color:#2EA2CD;\r\n    text-decoration:none;\r\n}\r\n.load_more4 {\r\n    margin: 10px 0;\r\n    position:relative;\r\n    text-align:center;\r\n    width:100%;\r\n}\r\n.load_more_button4 {\r\n    border-radius: 10px;\r\n    display:inline-block;\r\n    padding:5px 15px;\r\n    font-size:16px !important;;\r\n    color:#FF0D0D !important;;\r\n    background:#5CADFF !important;\r\n    cursor:pointer;\r\n}\r\n.load_more_button4:hover{\r\n    color:#FF4040 !important;\r\n    background:#99C5FF !important;\r\n}\r\n.loading4 {\r\n    display:none;\r\n}\r\n.paginate4{\r\n    font-size:19px !important;\r\n    color:#FF2C2C !important;\r\n    text-align: center;\r\n    margin-top: 25px;\r\n}\r\n.paginate4 a{\r\n    border-bottom: none !important;\r\n}\r\n.icon-style4{\r\n    font-size: 21px !important;\r\n    color:#B82020 !important;\r\n}\r\n.clear{\r\n    clear:both;\r\n}\r\n@media screen and (max-width: 480px){\r\n    .element_48{\r\n        max-width:100% !important;\r\n    }\r\n}\r\n\r\n\r\n.view-wrapper img{\r\n    height:auto;\r\n}\r\n\r\n<\/style>\n\n\n\n<h2 class=\"wp-block-heading\">Fortsetzungskurs \u2013 F\u00e4rben mit Indigo und internationalen Naturfarbstoffen<\/h2>\n\n\n\n<p>Im Fortsetzungskurs erweitern Sie Ihre Kenntnisse im Pflanzenf\u00e4rben. Nun f\u00e4rben wir Rott\u00f6ne, Blaut\u00f6ne und Gr\u00fcnt\u00f6ne mit nat\u00fcrlichen Farbstoffen aus aller Welt.<br>F\u00fcr Rot- und Lilat\u00f6ne verwenden wir unter anderem Krapp, Cochenille und Brasilholz.<br><br>Blau f\u00e4rben wir mit Indigo. Dabei erleben Sie das sogenannten \u201eIndigo-Wunder\u201c. Die Farbe ver\u00e4ndert sich durch Oxidation von Gelb \u00fcber Gr\u00fcn zum typischen tiefen Indigo-Blau. <br><br>Gr\u00fcn entsteht durch das \u00dcberf\u00e4rben gelb gef\u00e4rbter Garne mit Indigo.<br>Dieser Naturfarben Workshop eignet sich besonders f\u00fcr Teilnehmer mit ersten Erfahrungen im Pflanzenf\u00e4rben.<br><br>Die Kursgeb\u00fchr betr\u00e4gt 800 SEK inklusive Material zum F\u00e4rben und Verpflegung.<br>Das Garn bringen Sie selbst mit oder erwerben es bei mir.<\/p>\n\n\n<style>\r\n\/*===== general options =========*\/\r\na {\r\n    box-shadow: none !important;\r\n}\r\n\r\n.view *:not(i), .album_categories *, .album_back_button *, #album_disabled_layer {\r\n    font-family: sans-serif, Arial, Verdana, Sylfaen !important;\r\n}\r\n\r\n#album_disabled_layer {\r\n    display: none;\r\n    position: absolute;\r\n    width: 100%;\r\n    height: 100%;\r\n    text-align: center;\r\n    background-color: transparent;\r\n    z-index: 10;\r\n    padding-top: 20px;\r\n    color: #fff;\r\n}\r\n\r\n#album_list_container {\r\n    position: relative;\r\n}\r\n\r\n\/* ====================== album onhover styles ==========================*\/\r\n\r\n#album_list .view {\r\n    -webkit-box-sizing: border-box;\r\n    -moz-box-sizing: border-box;\r\n    -o-box-sizing: border-box;\r\n    display: none;\r\n\r\n}\r\n\r\n.view .mask,\r\n.view .content {\r\n    width: 100%;\r\n    height: 100%;\r\n    position: absolute;\r\n    overflow: hidden;\r\n    top: 0;\r\n    left: 0;\r\n}\r\n\r\n.view h2 {\r\n    text-transform: uppercase;\r\n    color: #fff;\r\n    text-align: center;\r\n    position: relative;\r\n    font-size: 17px;\r\n    font-family: Raleway, serif;\r\n    padding: 10px;\r\n    \/*background: rgba(0, 0, 0, 0.8);*\/\r\n    margin: 20px 0 0 0;\r\n\r\n}\r\n\r\n.album_back_button a, .view a {\r\n    text-decoration: none !important;\r\n}\r\n\r\n.view p {\r\n    font-family: Merriweather, serif;\r\n    font-style: italic;\r\n    font-size: 14px;\r\n    position: relative;\r\n    color: #fff;\r\n    padding: 0px 20px 0px;\r\n    text-align: center;\r\n\r\n}\r\n\r\n.view a.info {\r\n    display: inline-block;\r\n    text-decoration: none;\r\n    font-size: 13px;\r\n    padding: 2px 14px;\r\n    margin-bottom: 3px;\r\n    background: #000;\r\n    color: #fff;\r\n    font-family: Raleway, serif;\r\n    text-transform: uppercase;\r\n    box-shadow: 0 0 1px #000\r\n}\r\n\r\n.mask-text h2 {\r\n    font-size: 20px !important;\r\n}\r\n\r\n.view a.info:hover {\r\n    box-shadow: 0 0 5px #000\r\n}\r\n\r\n.view .mask-bg {\r\n    height: 100%;\r\n}\r\n\r\n.view .album_social {\r\n    color: #fff;\r\n    position: absolute;\r\n    bottom: 3px;\r\n    left: 3px;\r\n    border: 1px solid #ffffff;\r\n    -webkit-border-radius: 3px;\r\n    -moz-border-radius: 3px;\r\n    border-radius: 3px;\r\n    padding: 3px 5px;\r\n\r\n}\r\n\r\n.view .album_social:active, .view .album_social:focus, .view .album_social:hover {\r\n    color: #ffffff;\r\n    outline: none;\r\n}\r\n\r\n\/*1*\/\r\n\r\n.view .info {\r\n    margin-top: 5px;\r\n}\r\n\r\n.view-first .mask {\r\n    opacity: 0;\r\n    background-color: rgba(0, 0, 0, 0.7);\r\n    transition: all 0.4s ease-in-out;\r\n\r\n}\r\n\r\n.view-first h2 {\r\n    transform: translateY(-100px);\r\n    opacity: 0;\r\n    font-family: Raleway, serif;\r\n    transition: all 0.2s ease-in-out;\r\n}\r\n\r\n.view-first p {\r\n    transform: translateY(100px);\r\n    opacity: 0;\r\n    transition: all 0.2s linear;\r\n}\r\n\r\n.view-first a.info {\r\n    opacity: 0;\r\n    transition: all 0.2s ease-in-out;\r\n}\r\n\r\n\/* *\/\r\n\r\n.view-first:hover img {\r\n    \/*transform: scale(1.1);*\/\r\n}\r\n\r\n.view-first:hover .mask {\r\n    opacity: 1;\r\n}\r\n\r\n.view-first:hover h2,\r\n.view-first:hover p,\r\n.view-first:hover a.info {\r\n    opacity: 1;\r\n    transform: translateY(0px);\r\n}\r\n\r\n.view-first:hover p {\r\n    transition-delay: 0.1s;\r\n}\r\n\r\n.view-first:hover a.info {\r\n    transition-delay: 0.2s;\r\n}\r\n\r\n\/*2*\/\r\n.view-second img {\r\n    -webkit-filter: grayscale(0) blur(0);\r\n    filter: grayscale(0) blur(0);\r\n    -webkit-transition: .3s ease-in-out;\r\n    transition: .3s ease-in-out;\r\n}\r\n\r\n.view-second .mask {\r\n    background-color: rgba(226, 200, 127, 0.2);\r\n    transition: all 0.5s linear;\r\n    opacity: 0;\r\n}\r\n\r\n.view-second h2 {\r\n    background: transparent;\r\n    margin: 20px 40px 0px 40px;\r\n    transform: scale(0);\r\n    color: #333;\r\n    transition: all 0.5s linear;\r\n    opacity: 0;\r\n}\r\n\r\n.view-second p {\r\n    opacity: 0;\r\n    transform: scale(0);\r\n    transition: all 0.5s linear;\r\n}\r\n\r\n.view-second a.info {\r\n    opacity: 0;\r\n    transform: scale(0);\r\n    transition: all 0.5s linear;\r\n}\r\n\r\n.view-second:hover img {\r\n    -webkit-filter: grayscale(100%) blur(3px);\r\n    filter: grayscale(100%) blur(3px);\r\n}\r\n\r\n.view-second:hover .mask {\r\n    opacity: 1;\r\n}\r\n\r\n.view-second:hover h2,\r\n.view-second:hover p,\r\n.view-second:hover a.info {\r\n    transform: scale(1);\r\n    opacity: 1;\r\n}\r\n\r\n.view-second img {\r\n    -webkit-filter: grayscale(0) blur(0);\r\n    filter: grayscale(0) blur(0);\r\n    -webkit-transition: .3s ease-in-out;\r\n    transition: .3s ease-in-out;\r\n}\r\n\r\n.view-second:hover img {\r\n    -webkit-filter: grayscale(100%) blur(3px);\r\n    filter: grayscale(100%) blur(3px);\r\n}\r\n\r\n\/*3*\/\r\n\r\n.view-third img {\r\n    transform: scaleY(1);\r\n    transition: all .7s ease-in-out;\r\n}\r\n\r\n.view-third a.info {\r\n    opacity: 0;\r\n    transform: scale(0);\r\n    transition: all 0.5s linear;\r\n}\r\n\r\n.view-third:hover img {\r\n    -webkit-transform: scale(10);\r\n    transform: scale(10);\r\n    opacity: 0;\r\n}\r\n\r\n.view-third:hover .mask {\r\n    opacity: 1;\r\n}\r\n\r\n.view-third:hover h2,\r\n.view-third:hover p,\r\n.view-third:hover a.info {\r\n    transform: scale(1);\r\n    opacity: 1;\r\n}\r\n\r\n\/* ==== view 4 ===*\/\r\n\r\n.view-forth-wrapper {\r\n    overflow: hidden;\r\n    position: relative !important;\r\n    height: 100%;\r\n    \/* cursor: pointer;*\/\r\n}\r\n\r\n.view-forth img {\r\n    max-width: 100%;\r\n    position: relative;\r\n    top: 0;\r\n    -webkit-transition: all 600ms cubic-bezier(0.645, 0.045, 0.355, 1);\r\n    transition: all 600ms cubic-bezier(0.645, 0.045, 0.355, 1);\r\n}\r\n\r\n.view-forth .mask {\r\n    position: absolute;\r\n    width: 100%;\r\n    \/*    height: 70px;*\/\r\n    \/*    bottom: -70px;*\/\r\n    height: 50%;\r\n    bottom: -50%;\r\n    -webkit-transition: all 300ms cubic-bezier(0.645, 0.045, 0.355, 1);\r\n    transition: all 300ms cubic-bezier(0.645, 0.045, 0.355, 1);\r\n    top: inherit;\r\n}\r\n\r\n.view-forth:hover .mask {\r\n    bottom: 0;\r\n}\r\n\r\n.view-forth:hover img {\r\n    top: -30px;\r\n}\r\n\r\n\/*==  view 5 ==*\/\r\n\r\n.view-fifth .view-fifth-wrapper,\r\n.view-fifth .view-fifth-wrapper img {\r\n    display: block;\r\n    position: relative;\r\n}\r\n\r\n.view-fifth .view-fifth-wrapper {\r\n    overflow: hidden;\r\n    height: 100%;\r\n}\r\n\r\n.view-fifth .view-fifth-wrapper .mask {\r\n    display: none;\r\n    position: absolute;\r\n    background: #333;\r\n    background: rgba(75, 75, 75, 0.7);\r\n    width: 100%;\r\n    height: 100%;\r\n}\r\n\r\n\/* ====================== album category styles ==========================*\/\r\n\r\n#filters {\r\n    margin: 1% 0;\r\n    padding: 0;\r\n    list-style: none;\r\n    list-style-type: none !important;\r\n\r\n}\r\n\r\n#filters li {\r\n    float: left;\r\n    list-style-type: none !important;\r\n}\r\n\r\n#filters li:first-child span {\r\n    margin-left: 0px;\r\n}\r\n\r\n#filters li span {\r\n    display: block;\r\n    text-decoration: none;\r\n    cursor: pointer;\r\n}\r\n\r\n.album_categories {\r\n    list-style-type: none;\r\n    margin: 0;\r\n    padding: 0;\r\n    overflow: hidden;\r\n    padding-top: 5px;\r\n}\r\n\r\n\/*=========  sharing buttons  ============*\/\r\n\r\n.album_socials {\r\n    position: relative;\r\n    top: 3px;\r\n    width: 100px;\r\n    height: 28px;\r\n    margin: 0 auto;\r\n}\r\n\r\n.album_socials .rwd-share-buttons {\r\n    top: 0px !important;\r\n    width: 100% !important;\r\n    margin: 0px !important;\r\n}\r\n\r\n.album_socials a {\r\n    text-decoration: underline !important;\r\n}\r\n\r\n.gallery_images, .album_image_place {\r\n    margin-top: 15px;\r\n    margin-top: 15px;\r\n}\r\n\r\n#rwd-share-facebook:hover {\r\n    background-position: 0 -31px !important;\r\n}\r\n\r\n#rwd-share-twitter:hover {\r\n    background-position: -31px 32px !important;\r\n}\r\n\r\n#rwd-share-googleplus:hover {\r\n    background-position: -66px -31px !important;\r\n}\r\n\r\n.rwd-share-buttons li, .rwd-share-buttons li a {\r\n    width: 26px !important;\r\n    border: 0px !important;\r\n}\r\n\r\n.rwd-share-buttons {\r\n    top: 0 !important;\r\n}\r\n\r\n.img_link_btn {\r\n    position: absolute;\r\n    z-index: 99999;\r\n    bottom: 0;\r\n    left: 0;\r\n    right: 0;\r\n    width: 100%;\r\n    padding: 8px;\r\n}\r\n\r\n.rwd-title {\r\n    padding: 10px 0px !important;\r\n}\r\n\r\n@media only screen and (max-width: 475px) {\r\n    .rwd-share-buttons {\r\n        top: -25px !important;\r\n    }\r\n\r\n    .rwd-title-text {\r\n        line-height: 15px;\r\n    }\r\n}\r\n\r\n\/*=========  hover style ===========*\/\r\n\r\n#hover {\r\n    color: rgba(188, 175, 204, 0.9);\r\n}\r\n\r\nh2#testimonials {\r\n    color: #fffae3;\r\n}\r\n\r\ndiv#all {\r\n    width: 100%;\r\n    height: 100%;\r\n}\r\n\r\n.view img {\r\n    height: auto;\r\n}\r\n\r\n.view {\r\n    color: #fff;\r\n    margin: 0 10px 10px 0;\r\n    overflow: hidden;\r\n    position: relative;\r\n    text-align: center;\r\n    float: left;\r\n    cursor: default;\r\n    border: 1px solid #ccc;\r\n}\r\n\r\n.view-wrapper {\r\n    height: 100%;\r\n}\r\n\r\n.view img {\r\n    display: block;\r\n    position: relative;\r\n    transition: all 0.2s linear;\r\n    height: 100%;\r\n    width: auto;\r\n    max-width: 100%;\r\n    margin: 0 auto;\r\n}\r\n\r\n.mask-text h2 {\r\n    font-size: 20px !important;\r\n    margin-top: 20px !important;\r\n}\r\n\r\n\/* view 1 *\/\r\n\r\n.view-first .text-category, .view-first .mask-text h2, .view-first .mask-text p {\r\n    color: #fff;\r\n}\r\n\r\n\/*  view 2 *\/\r\n.view-second .text-category, .view-second .mask-text h2, .view-second p {\r\n    color: #333;\r\n}\r\n\r\n.view-second .mask-text h2 {\r\n    border-bottom: 1px solid #333;\r\n}\r\n\r\n\/* view 3*\/\r\n.view-third .mask {\r\n    background-color: #ccc;\r\n    transition: all 0.5s linear;\r\n    opacity: 0;\r\n    color: #333;\r\n}\r\n\r\n.view-third h2 {\r\n    border-bottom: 1px solid #333;\r\n    background: transparent;\r\n    margin: 20px 40px 0px 40px;\r\n    transform: scale(0);\r\n    color: #333;\r\n    transition: all 0.5s linear;\r\n    opacity: 0;\r\n}\r\n\r\n.view-third p {\r\n    color: #333;\r\n    opacity: 0;\r\n    transform: scale(0);\r\n    transition: all 0.5s linear;\r\n}\r\n\r\n.view-third .text-category {\r\n    color: #333;\r\n}\r\n\r\n\/* view 4 *\/\r\n\r\n.view-forth .mask-bg {\r\n    background: #333;\r\n    width: 100%;\r\n    height: 100%;\r\n    position: absolute;\r\n    top: 0;\r\n    left: 0;\r\n}\r\n\r\n.view-forth .mask-text {\r\n    color: #fff;\r\n    position: relative;\r\n    z-index: 500;\r\n    padding: 5px 8px;\r\n}\r\n\r\n.view-forth .mask-text h2 {\r\n    margin: 0px;\r\n    font-size: 13px;\r\n    padding: 2px;\r\n    color: #fff;\r\n}\r\n\r\n.view-forth .mask-text h2:hover {\r\n    cursor: pointer;\r\n}\r\n\r\n.view-forth .text-category {\r\n    display: block;\r\n    font-size: 15px;\r\n    color: #fff;\r\n}\r\n\r\n.view-forth p {\r\n    color: #fff;\r\n}\r\n\r\n\/* view 5 *\/\r\n.view-fifth .text-category, .view-fifth .text-category *, .view-fifth .mask-text h2, .view-fifth .mask-text p {\r\n    color: #fff;\r\n}\r\n\r\n<\/style>\r\n    <input type=\"hidden\" name=\"view_style\" value=\"view-first\">\r\n\r\n    <section id=\"huge_it_gallery_content_62\" class=\"gallery-img-content\"\r\n             data-gallery-id=\"62\"\r\n             data-content-per-page=\"5\"\r\n             data-rating-type=\"off\">\r\n        <div id=\"huge_it_gallery_container_62\"\r\n             data-show-center=\"off\"\r\n             class=\"huge_it_gallery_container super-list variable-sizes clearfix view-lightbox-gallery\">\r\n            <div id=\"huge_it_gallery_container_moving_62\"\r\n                 class=\"super-list variable-sizes clearfix\">\r\n                <input type=\"hidden\" class=\"pagenum\" value=\"1\"\/>\r\n                                <input type=\"hidden\" id=\"total\" value=\"2\"\/>\r\n                                    <div class=\"view view-first element element_62\" tabindex=\"0\"\r\n                         data-symbol=\" Rot-f\u00e4rben-Gittas-verkstad\" data-category=\"alkaline-earth\">\r\n                        <div class=\"view-first-wrapper view-wrapper\">\r\n                                                                                                                <a href=\"https:\/\/www.gittas-verkstad.com\/de\/wp-content\/uploads\/sites\/8\/2020\/02\/Rot-f\u00e4rben-Gittas-verkstad.jpg\"\r\n                               title=\" Rot-f\u00e4rben-Gittas-verkstad\"><img decoding=\"async\"\r\n                                        alt=\" Rot-f\u00e4rben-Gittas-verkstad\"\r\n                                        id=\"wd-cl-img0\"\r\n                                        title=\" Rot-f\u00e4rben-Gittas-verkstad\"\r\n                                        src=\"https:\/\/www.gittas-verkstad.com\/de\/wp-content\/uploads\/sites\/8\/2020\/02\/Rot-f\u00e4rben-Gittas-verkstad.jpg\"\/>\r\n                                                                                                        <div class=\"mask\">\r\n                                            <div class=\"mask-text\">\r\n                                                                                                    <h2 >\r\n                                                         Rot-f\u00e4rben-Gittas-verkstad                                                    <\/h2>\r\n                                                                                                <span class=\"text-category\">Rot-f\u00e4rben-Gittas-verkstad<\/span>\r\n                                            <\/div>\r\n                                            <div class=\"mask-bg\">\r\n                                            <\/div>\r\n                                        <\/div>\r\n                                    <\/a>\r\n                        <\/div>\r\n                        \r\n                    <\/div>\r\n                                        <div class=\"view view-first element element_62\" tabindex=\"0\"\r\n                         data-symbol=\"Mit-pflanzenfarben-rot-gefaerbte-garne-Gittas-Verkstad.\" data-category=\"alkaline-earth\">\r\n                        <div class=\"view-first-wrapper view-wrapper\">\r\n                                                                                                                <a href=\"https:\/\/www.gittas-verkstad.com\/de\/wp-content\/uploads\/sites\/8\/2023\/02\/Mit-pflanzenfarben-rot-gefaerbte-garne-Gittas-Verkstad.jpg\"\r\n                               title=\"Mit-pflanzenfarben-rot-gefaerbte-garne-Gittas-Verkstad.\"><img decoding=\"async\"\r\n                                        alt=\"Mit-pflanzenfarben-rot-gefaerbte-garne-Gittas-Verkstad.\"\r\n                                        id=\"wd-cl-img1\"\r\n                                        title=\"Mit-pflanzenfarben-rot-gefaerbte-garne-Gittas-Verkstad.\"\r\n                                        src=\"https:\/\/www.gittas-verkstad.com\/de\/wp-content\/uploads\/sites\/8\/2023\/02\/Mit-pflanzenfarben-rot-gefaerbte-garne-Gittas-Verkstad.jpg\"\/>\r\n                                                                                                        <div class=\"mask\">\r\n                                            <div class=\"mask-text\">\r\n                                                                                                    <h2 >\r\n                                                        Mit-pflanzenfarben-rot-gefaerbte-garne-Gittas-Verkstad.                                                    <\/h2>\r\n                                                                                                <span class=\"text-category\">Mit-pflanzenfarben-rot-gefaerbte-garne-Gittas-Verkstad.<\/span>\r\n                                            <\/div>\r\n                                            <div class=\"mask-bg\">\r\n                                            <\/div>\r\n                                        <\/div>\r\n                                    <\/a>\r\n                        <\/div>\r\n                        \r\n                    <\/div>\r\n                                        <div class=\"view view-first element element_62\" tabindex=\"0\"\r\n                         data-symbol=\"Rot-gelb-lila-faerben-mit-Pflanzenfarben-Gittas-Verkstad\" data-category=\"alkaline-earth\">\r\n                        <div class=\"view-first-wrapper view-wrapper\">\r\n                                                                                                                <a href=\"https:\/\/www.gittas-verkstad.com\/de\/wp-content\/uploads\/sites\/8\/2023\/02\/Rot-gelb-lila-faerben-mit-Pflanzenfarben-Gittas-Verkstad.jpg\"\r\n                               title=\"Rot-gelb-lila-faerben-mit-Pflanzenfarben-Gittas-Verkstad\"><img decoding=\"async\"\r\n                                        alt=\"Rot-gelb-lila-faerben-mit-Pflanzenfarben-Gittas-Verkstad\"\r\n                                        id=\"wd-cl-img2\"\r\n                                        title=\"Rot-gelb-lila-faerben-mit-Pflanzenfarben-Gittas-Verkstad\"\r\n                                        src=\"https:\/\/www.gittas-verkstad.com\/de\/wp-content\/uploads\/sites\/8\/2023\/02\/Rot-gelb-lila-faerben-mit-Pflanzenfarben-Gittas-Verkstad.jpg\"\/>\r\n                                                                                                        <div class=\"mask\">\r\n                                            <div class=\"mask-text\">\r\n                                                                                                    <h2 >\r\n                                                        Rot-gelb-lila-faerben-mit-Pflanzenfarben-Gittas-Verkstad                                                    <\/h2>\r\n                                                                                                <span class=\"text-category\">Rot-gelb-lila-faerben-mit-Pflanzenfarben-Gittas-Verkstad<\/span>\r\n                                            <\/div>\r\n                                            <div class=\"mask-bg\">\r\n                                            <\/div>\r\n                                        <\/div>\r\n                                    <\/a>\r\n                        <\/div>\r\n                        \r\n                    <\/div>\r\n                                        <div class=\"view view-first element element_62\" tabindex=\"0\"\r\n                         data-symbol=\"Mit-indigo-gef\u00e4rbtes-Garn-Gittas-verkstad\" data-category=\"alkaline-earth\">\r\n                        <div class=\"view-first-wrapper view-wrapper\">\r\n                                                                                                                <a href=\"https:\/\/www.gittas-verkstad.com\/de\/wp-content\/uploads\/sites\/8\/2020\/02\/Mit-Indigo-gef\u00e4rbtes-Garn-Gittas-verkstad.jpg\"\r\n                               title=\"Mit-indigo-gef\u00e4rbtes-Garn-Gittas-verkstad\"><img decoding=\"async\"\r\n                                        alt=\"Mit-indigo-gef\u00e4rbtes-Garn-Gittas-verkstad\"\r\n                                        id=\"wd-cl-img3\"\r\n                                        title=\"Mit-indigo-gef\u00e4rbtes-Garn-Gittas-verkstad\"\r\n                                        src=\"https:\/\/www.gittas-verkstad.com\/de\/wp-content\/uploads\/sites\/8\/2020\/02\/Mit-Indigo-gef\u00e4rbtes-Garn-Gittas-verkstad.jpg\"\/>\r\n                                                                                                        <div class=\"mask\">\r\n                                            <div class=\"mask-text\">\r\n                                                                                                    <h2 >\r\n                                                        Mit-indigo-gef\u00e4rbtes-Garn-Gittas-verkstad                                                    <\/h2>\r\n                                                                                                <span class=\"text-category\">Mit-indigo-gef\u00e4rbtes-Garn-Gittas-verkstad<\/span>\r\n                                            <\/div>\r\n                                            <div class=\"mask-bg\">\r\n                                            <\/div>\r\n                                        <\/div>\r\n                                    <\/a>\r\n                        <\/div>\r\n                        \r\n                    <\/div>\r\n                                        <div class=\"view view-first element element_62\" tabindex=\"0\"\r\n                         data-symbol=\" Gelbes-Garn-gr\u00fcn-f\u00e4rben-mit-Indigo-Gittas-verkstad\" data-category=\"alkaline-earth\">\r\n                        <div class=\"view-first-wrapper view-wrapper\">\r\n                                                                                                                <a href=\"https:\/\/www.gittas-verkstad.com\/de\/wp-content\/uploads\/sites\/8\/2020\/02\/Gelbes-Garn-gr\u00fcn-f\u00e4rben-mit-Indigo-Gittas-verkstad.jpg\"\r\n                               title=\" Gelbes-Garn-gr\u00fcn-f\u00e4rben-mit-Indigo-Gittas-verkstad\"><img decoding=\"async\"\r\n                                        alt=\" Gelbes-Garn-gr\u00fcn-f\u00e4rben-mit-Indigo-Gittas-verkstad\"\r\n                                        id=\"wd-cl-img4\"\r\n                                        title=\" Gelbes-Garn-gr\u00fcn-f\u00e4rben-mit-Indigo-Gittas-verkstad\"\r\n                                        src=\"https:\/\/www.gittas-verkstad.com\/de\/wp-content\/uploads\/sites\/8\/2020\/02\/Gelbes-Garn-gr\u00fcn-f\u00e4rben-mit-Indigo-Gittas-verkstad.jpg\"\/>\r\n                                                                                                        <div class=\"mask\">\r\n                                            <div class=\"mask-text\">\r\n                                                                                                    <h2 >\r\n                                                         Gelbes-Garn-gr\u00fcn-f\u00e4rben-mit-Indigo-Gittas-verkstad                                                    <\/h2>\r\n                                                                                                <span class=\"text-category\">Gelbes-Garn-gr\u00fcn-f\u00e4rben-mit-Indigo-Gittas-verkstad<\/span>\r\n                                            <\/div>\r\n                                            <div class=\"mask-bg\">\r\n                                            <\/div>\r\n                                        <\/div>\r\n                                    <\/a>\r\n                        <\/div>\r\n                        \r\n                    <\/div>\r\n                                        <div class=\"view view-first element element_62\" tabindex=\"0\"\r\n                         data-symbol=\"Ergebnisse-eines-rot-und-blaufaerbekurses-gittas-verkstad\" data-category=\"alkaline-earth\">\r\n                        <div class=\"view-first-wrapper view-wrapper\">\r\n                                                                                                                <a href=\"https:\/\/www.gittas-verkstad.com\/de\/wp-content\/uploads\/sites\/8\/2023\/02\/Ergebnisse-eines-rot-und-blaufaerbekurses-gittas-verkstad.jpg\"\r\n                               title=\"Ergebnisse-eines-rot-und-blaufaerbekurses-gittas-verkstad\"><img decoding=\"async\"\r\n                                        alt=\"Ergebnisse-eines-rot-und-blaufaerbekurses-gittas-verkstad\"\r\n                                        id=\"wd-cl-img5\"\r\n                                        title=\"Ergebnisse-eines-rot-und-blaufaerbekurses-gittas-verkstad\"\r\n                                        src=\"https:\/\/www.gittas-verkstad.com\/de\/wp-content\/uploads\/sites\/8\/2023\/02\/Ergebnisse-eines-rot-und-blaufaerbekurses-gittas-verkstad.jpg\"\/>\r\n                                                                                                        <div class=\"mask\">\r\n                                            <div class=\"mask-text\">\r\n                                                                                                    <h2 >\r\n                                                        Ergebnisse-eines-rot-und-blaufaerbekurses-gittas-verkstad                                                    <\/h2>\r\n                                                                                                <span class=\"text-category\">Ergebnisse-eines-rot-und-blaufaerbekurses-gittas-verkstad<\/span>\r\n                                            <\/div>\r\n                                            <div class=\"mask-bg\">\r\n                                            <\/div>\r\n                                        <\/div>\r\n                                    <\/a>\r\n                        <\/div>\r\n                        \r\n                    <\/div>\r\n                                <\/div>\r\n            <div class=\"clear\"><\/div>\r\n        <\/div>\r\n        \r\n\r\n    <\/section>\r\n\r\n<style>\r\n.gallery-img-content .clear {\r\n    clear: both;\r\n}\r\n.gallery-img-content a{\r\n    border-bottom: none;\r\n}\r\n.element_62 {\r\n    max-width:275px;\r\n    margin:0 2px 10px 0;\r\n    border:0px solid #eeeeee;\r\n    border-radius:3px;\r\n    outline:none;\r\n    overflow:hidden;\r\n}\r\n.element_62 .image-block_62 {\r\n    position:relative;\r\n    width: 100%;\r\n\twidth:275px;\r\n    max-width:275px;\r\n}\r\n.element_62 .image-block_62 a {display:block;}\r\n.element_62 .image-block_62 img {\r\n    width: 100%;\r\n    max-width:275px !important;\r\n    height:auto;\r\n    display:block;\r\n    border-radius: 0 !important;\r\n    box-shadow: 0 0 0 rgba(0, 0, 0, 0) !important;\r\n}\r\n.element_62 .image-block_62 img:hover {\r\n    cursor: -webkit-zoom-in; cursor: -moz-zoom-in;\r\n}\r\n.element_62 .image-block_62 .play-icon {\r\n    position:absolute;\r\n    top:0;\r\n    left:0;\r\n    width:100%;\r\n    height:100%;\r\n}\r\n\r\n.element_62:hover .title-block_62 {bottom:0;}\r\n.element_62 .title-block_62 a, .element_62 .title-block_62 a:link, .element_62 .title-block_62 a:visited, .element_62 .title-block_62 {\r\n    position:relative;\r\n    margin:0;\r\n    padding:0 1% 0 2%;\r\n    width:97%;\r\n    text-decoration:none !important;\r\n    text-overflow: ellipsis;\r\n    overflow: hidden;\r\n    white-space:nowrap;\r\n    z-index:20;\r\n    font-size: 16px;\r\n    color:#0074A2;\r\n    font-weight:normal;\r\n}\r\n.element_62 .image-block_62  .play-icon.youtube-icon {background:url(https:\/\/www.gittas-verkstad.com\/de\/wp-content\/plugins\/gallery-images\/assets\/images..\/admin_images\/play.youtube.png) center center no-repeat;}\r\n.element_62 .image-block_62  .play-icon.vimeo-icon {background:url(https:\/\/www.gittas-verkstad.com\/de\/wp-content\/plugins\/gallery-images\/assets\/images..\/admin_images\/play.vimeo.png) center center no-repeat;}\r\n.element_62 .title-block_62 {\r\n    position:absolute;\r\n    left:0;\r\n    width:100%;\r\n    padding-top:5px;\r\n    height: 36px;\r\n    bottom:-41px;\r\n    background: rgba(0,0,0,0.8)  !important;\r\n    -webkit-transition: bottom 0.3s ease-out 0.1s;\r\n    -moz-transition: bottom 0.3s ease-out 0.1s;\r\n    -o-transition: bottom 0.3s ease-out 0.1s;\r\n    transition: bottom 0.3s ease-out 0.1s;\r\n}\r\n.element_62 .title-block_62 a:hover, .element_62 .title-block_62 a:focus, .element_62 .title-block_62 a:active {\r\n    color:#2EA2CD;\r\n    text-decoration:none;\r\n}\r\n.load_more4 {\r\n    margin: 10px 0;\r\n    position:relative;\r\n    text-align:center;\r\n    width:100%;\r\n}\r\n.load_more_button4 {\r\n    border-radius: 10px;\r\n    display:inline-block;\r\n    padding:5px 15px;\r\n    font-size:16px !important;;\r\n    color:#FF0D0D !important;;\r\n    background:#5CADFF !important;\r\n    cursor:pointer;\r\n}\r\n.load_more_button4:hover{\r\n    color:#FF4040 !important;\r\n    background:#99C5FF !important;\r\n}\r\n.loading4 {\r\n    display:none;\r\n}\r\n.paginate4{\r\n    font-size:19px !important;\r\n    color:#FF2C2C !important;\r\n    text-align: center;\r\n    margin-top: 25px;\r\n}\r\n.paginate4 a{\r\n    border-bottom: none !important;\r\n}\r\n.icon-style4{\r\n    font-size: 21px !important;\r\n    color:#B82020 !important;\r\n}\r\n.clear{\r\n    clear:both;\r\n}\r\n@media screen and (max-width: 480px){\r\n    .element_62{\r\n        max-width:100% !important;\r\n    }\r\n}\r\n\r\n\r\n.view-wrapper img{\r\n    height:auto;\r\n}\r\n\r\n<\/style>\n\n\n\n<h2 class=\"wp-block-heading\">Experimentierkurs \u2013 Kreatives Arbeiten mit Naturfarben<\/h2>\n\n\n\n<p>Im neuen Experimentierkurs steht das freie Arbeiten im Mittelpunkt.<\/p>\n\n\n\n<p>Wir verwenden unterschiedliche Naturfarbstoffe von nah und fern. Es gibt keine feste Farbplanung. Stattdessen experimentieren wir gemeinsam.Sie k\u00f6nnen Garne aus verschiedenen Naturmaterialien oder kleinere Stoffst\u00fccke f\u00e4rben. Auch Techniken wie Abbinden oder mehrfache F\u00e4rbeb\u00e4der f\u00fcr Farbverl\u00e4ufe sind m\u00f6glich.<br><br>Dieser Kreativkurs in V\u00e4rmland richtet sich an Teilnehmer mit F\u00e4rbeerfahrung, die Freude am Ausprobieren haben.<br>Kursgeb\u00fchr: 750 SEK inklusive Material zum F\u00e4rben und Verpflegung<br>Garne aus verschiedenen Materialien oder kleinere Stoffst\u00fccke bringen Sie selbst mit. Die typische F\u00e4rbewolle k\u00f6nnen Sie bei mir erwerben.<br><\/p>\n\n\n\n<h2 class=\"wp-block-heading\">Termine 2026 \u2013 Pflanzenf\u00e4rbekurse in V\u00e4rmland<\/h2>\n\n\n\n<p>Nachfolgend die geplanten Termine f\u00fcr Kurse im Sommer 2026. Aufgrund von Voranmeldungen sind einige Kurstage bereits voll ausgebucht.<\/p>\n\n\n\n<p>Gerne k\u00f6nnen Sie sich an mich wenden, wenn Sie einen eihgenen Termin f\u00fcr eine Gruppe vereinbaren m\u00f6chten. <br><\/p>\n\n\n\n<h3 class=\"wp-block-heading\">Mai 2026<\/h3>\n\n\n\n<p>Ausgebucht<br><strong>Freitag, 15. Mai 2026<\/strong> <br><strong>Grundkurs \u2013 Pflanzenf\u00e4rben mit heimischen Pflanzen<\/strong><br>11:00\u201317:00 Uhr<br>750 SEK inkl. Material und Verpflegung<\/p>\n\n\n\n<p>Ausgebucht<br><strong>Samstag, 16. Mai 2026<br>Fortsetzungskurs \u2013 F\u00e4rben mit Indigo und Naturfarben aus aller Welt<\/strong><br>11:00\u201317:00 Uhr<br>800 SEK inkl. Material und Verpflegung<br><\/p>\n\n\n\n<h3 class=\"wp-block-heading\">Juni 2026<\/h3>\n\n\n\n<p><strong>Freitag, 5. Juni 2026<br>Experimentierkurs \u2013 F\u00e4rben mit verschiedenen Materialen<\/strong><br>11:00\u201317:00 Uhr<br>750 SEK inkl. Material und Verpflegung<\/p>\n\n\n\n<p><strong>Dienstag, 23. Juni 2026<br>Grundkurs<\/strong><br>11:00\u201317:00 Uhr<br>750 SEK inkl. Material und Verpflegung<\/p>\n\n\n\n<p><strong>Mittwoch, 24. Juni 2026<br>Fortsetzungskurs<\/strong><br>11:00\u201317:00 Uhr<br>800 SEK inkl. Material und Verpflegung<br><\/p>\n\n\n\n<h3 class=\"wp-block-heading\">Juli 2026<\/h3>\n\n\n\n<p>Ausgebucht<br><strong>Freitag, 3. Juli 2026 <\/strong><br><strong>Grundkurs \u2013 Pflanzenf\u00e4rben mit heimischen Pflanzen<\/strong><br>11:00\u201317:00 Uhr<br>750 SEK inkl. Material und Verpflegung<\/p>\n\n\n\n<p>Ausgebucht<br><strong>Samstag, 4. Juli 2026 <\/strong><br><strong>Fortsetzungskurs \u2013 F\u00e4rben mit Indigo und Naturfarben aus aller Welt<\/strong><br>11:00\u201317:00 Uhr<br>800 SEK inkl. Material und Verpflegung \u2013 Fortsetzungskurs \u2013 800 SEK<\/p>\n\n\n\n<p><strong>Mittwoch, 29. Juli 2026<\/strong><br><strong>Grundkurs \u2013 Pflanzenf\u00e4rben mit heimischen Pflanzen<\/strong><br>11:00\u201317:00 Uhr<br>750 SEK inkl. Material und Verpflegung<\/p>\n\n\n\n<p><strong>Donnerstag, 30. Juli 2026<\/strong><br><strong>Fortsetzungskurs \u2013 F\u00e4rben mit Indigo und Naturfarben aus aller Welt<\/strong><br>11:00\u201317:00 Uhr<br>800 SEK inkl. Material und Verpflegung \u2013 Fortsetzungskurs \u2013 800 SEK<\/p>\n\n\n\n<h3 class=\"wp-block-heading\">August 2026<\/h3>\n\n\n\n<p>Ausgebucht<br><strong>Freitag, 14. August 2026 <\/strong><br><strong>Grundkurs \u2013 Pflanzenf\u00e4rben mit heimischen Pflanzen<\/strong><br>11:00\u201317:00 Uhr<br>750 SEK inkl. Material und Verpflegung<\/p>\n\n\n\n<p>Ausgebucht<br><strong>Samstag, 15. August 2026<\/strong><br><strong>Fortsetzungskurs \u2013 F\u00e4rben mit Indigo und Naturfarben aus aller Welt<\/strong><br>11:00\u201317:00 Uhr<br>800 SEK inkl. Material und Verpflegung \u2013 Fortsetzungskurs \u2013 800 SEK<br><br><strong>Montag, 17. August 2026<\/strong><br><strong>Grundkurs \u2013 Pflanzenf\u00e4rben mit heimischen Pflanzen<\/strong><br>11:00\u201317:00 Uhr<br>750 SEK inkl. Material und Verpflegung<\/p>\n\n\n\n<p><strong>Dienstag, 18. August 2026 <\/strong><br><strong>Fortsetzungskurs \u2013 F\u00e4rben mit Indigo und Naturfarben aus aller Welt<\/strong><br>11:00\u201317:00 Uhr<br>800 SEK inkl. Material und Verpflegung <\/p>\n\n\n\n<h2 class=\"wp-block-heading\">Anmeldung und Kontakt<\/h2>\n\n\n\n<p>Sind Sie interessiert und haben Fragen zu einem Pflanzenf\u00e4rbekurs in Schweden, dann rufen Sie mich gerne an oder schreiben mit eine Mail.<br><br>Wenn Sie sich f\u00fcr einen der freien Termin anmelden m\u00f6chten, senden Sie mir bitte unter Angabe des gew\u00fcnschten Kurstages Ihren Namen, Ihre Adresse und Ihre Mobilnummer per <a href=\"mailto:kontakt@gittas-verkstad.com\">E-Mail <\/a>oder <a href=\"tel:0046738385682\">SMS<\/a>.<br><br><strong>Willkommen in V\u00e4rmland zu einem meiner inspirierenden Pflanzenf\u00e4rbekurse in Gittas Verkstad &#8211; ich freue mich auf Sie!<\/strong><\/p>\n\n\n\n<p><\/p>\n\n\n\n<p><\/p>\n","protected":false},"excerpt":{"rendered":"<p>Auch im Sommer 2026 k\u00f6nnen Sie in Gittas verkstad die traditionelle Technik des F\u00e4rbens mit Pflanzen und anderen Naturmaterialien erlernen oder wieder auffrischen. Das F\u00e4rben mit Pflanzen fasziniert mich seit vielen Jahren und seit 2016 biete ich Kurse an. Erleben <a class=\"more-link\" href=\"https:\/\/www.gittas-verkstad.com\/de\/kurse-faerben-mit-pflanzenfarben\/\">weiterlesen&#8230;<\/a><\/p>\n","protected":false},"author":1,"featured_media":2260,"parent":0,"menu_order":0,"comment_status":"closed","ping_status":"closed","template":"","meta":{"footnotes":""},"class_list":["post-559","page","type-page","status-publish","has-post-thumbnail","hentry"],"yoast_head":"<!-- This site is optimized with the Yoast SEO plugin v27.5 - https:\/\/yoast.com\/product\/yoast-seo-wordpress\/ -->\n<title>Pflanzenf\u00e4rbekurse 2026: Pflanzenf\u00e4rbekurse finden auch<\/title>\n<meta name=\"description\" content=\"Pflanzenf\u00e4rbekurse 2026: Pflanzenf\u00e4rbekurse finden auch im Sommer 2026 in Gittas verkstad in V\u00e4rmland statt\" \/>\n<meta name=\"robots\" content=\"index, follow, max-snippet:-1, max-image-preview:large, max-video-preview:-1\" \/>\n<link rel=\"canonical\" href=\"https:\/\/www.gittas-verkstad.com\/de\/kurse-faerben-mit-pflanzenfarben\/\" \/>\n<meta property=\"og:locale\" content=\"de_DE\" \/>\n<meta property=\"og:type\" content=\"article\" \/>\n<meta property=\"og:title\" content=\"Pflanzenf\u00e4rbekurse 2026: Pflanzenf\u00e4rbekurse finden auch\" \/>\n<meta property=\"og:description\" content=\"Pflanzenf\u00e4rbekurse 2026: Pflanzenf\u00e4rbekurse finden auch im Sommer 2026 in Gittas verkstad in V\u00e4rmland statt\" \/>\n<meta property=\"og:url\" content=\"https:\/\/www.gittas-verkstad.com\/de\/kurse-faerben-mit-pflanzenfarben\/\" \/>\n<meta property=\"og:site_name\" content=\"Gittas verkstad Weben, Kunst, Design \/ de \/ Lennartsfors\" \/>\n<meta property=\"article:publisher\" content=\"https:\/\/www.facebook.com\/gittasverkstad\/\" \/>\n<meta property=\"article:modified_time\" content=\"2026-04-29T14:29:59+00:00\" \/>\n<meta property=\"og:image\" content=\"https:\/\/www.gittas-verkstad.com\/de\/wp-content\/uploads\/sites\/8\/2023\/02\/Pflanzenfaerbekurse-Gittas-Verkstad.jpg\" \/>\n\t<meta property=\"og:image:width\" content=\"1680\" \/>\n\t<meta property=\"og:image:height\" content=\"400\" \/>\n\t<meta property=\"og:image:type\" content=\"image\/jpeg\" \/>\n<meta name=\"twitter:card\" content=\"summary_large_image\" \/>\n<meta name=\"twitter:label1\" content=\"Gesch\u00e4tzte Lesezeit\" \/>\n\t<meta name=\"twitter:data1\" content=\"7\u00a0Minuten\" \/>\n<script type=\"application\/ld+json\" class=\"yoast-schema-graph\">{\"@context\":\"https:\\\/\\\/schema.org\",\"@graph\":[{\"@type\":\"WebPage\",\"@id\":\"https:\\\/\\\/www.gittas-verkstad.com\\\/de\\\/kurse-faerben-mit-pflanzenfarben\\\/\",\"url\":\"https:\\\/\\\/www.gittas-verkstad.com\\\/de\\\/kurse-faerben-mit-pflanzenfarben\\\/\",\"name\":\"Pflanzenf\u00e4rbekurse 2026: Pflanzenf\u00e4rbekurse finden auch\",\"isPartOf\":{\"@id\":\"https:\\\/\\\/www.gittas-verkstad.com\\\/de\\\/#website\"},\"primaryImageOfPage\":{\"@id\":\"https:\\\/\\\/www.gittas-verkstad.com\\\/de\\\/kurse-faerben-mit-pflanzenfarben\\\/#primaryimage\"},\"image\":{\"@id\":\"https:\\\/\\\/www.gittas-verkstad.com\\\/de\\\/kurse-faerben-mit-pflanzenfarben\\\/#primaryimage\"},\"thumbnailUrl\":\"https:\\\/\\\/www.gittas-verkstad.com\\\/de\\\/wp-content\\\/uploads\\\/sites\\\/8\\\/2023\\\/02\\\/Pflanzenfaerbekurse-Gittas-Verkstad.jpg\",\"datePublished\":\"2026-03-08T17:00:00+00:00\",\"dateModified\":\"2026-04-29T14:29:59+00:00\",\"description\":\"Pflanzenf\u00e4rbekurse 2026: Pflanzenf\u00e4rbekurse finden auch im Sommer 2026 in Gittas verkstad in V\u00e4rmland statt\",\"breadcrumb\":{\"@id\":\"https:\\\/\\\/www.gittas-verkstad.com\\\/de\\\/kurse-faerben-mit-pflanzenfarben\\\/#breadcrumb\"},\"inLanguage\":\"de\",\"potentialAction\":[{\"@type\":\"ReadAction\",\"target\":[\"https:\\\/\\\/www.gittas-verkstad.com\\\/de\\\/kurse-faerben-mit-pflanzenfarben\\\/\"]}]},{\"@type\":\"ImageObject\",\"inLanguage\":\"de\",\"@id\":\"https:\\\/\\\/www.gittas-verkstad.com\\\/de\\\/kurse-faerben-mit-pflanzenfarben\\\/#primaryimage\",\"url\":\"https:\\\/\\\/www.gittas-verkstad.com\\\/de\\\/wp-content\\\/uploads\\\/sites\\\/8\\\/2023\\\/02\\\/Pflanzenfaerbekurse-Gittas-Verkstad.jpg\",\"contentUrl\":\"https:\\\/\\\/www.gittas-verkstad.com\\\/de\\\/wp-content\\\/uploads\\\/sites\\\/8\\\/2023\\\/02\\\/Pflanzenfaerbekurse-Gittas-Verkstad.jpg\",\"width\":1680,\"height\":400,\"caption\":\"Pflanzenfaerbekurse-Gittas-Verkstad\"},{\"@type\":\"BreadcrumbList\",\"@id\":\"https:\\\/\\\/www.gittas-verkstad.com\\\/de\\\/kurse-faerben-mit-pflanzenfarben\\\/#breadcrumb\",\"itemListElement\":[{\"@type\":\"ListItem\",\"position\":1,\"name\":\"Startseite\",\"item\":\"https:\\\/\\\/www.gittas-verkstad.com\\\/de\\\/\"},{\"@type\":\"ListItem\",\"position\":2,\"name\":\"Pflanzenf\u00e4rbekurse 2026\"}]},{\"@type\":\"WebSite\",\"@id\":\"https:\\\/\\\/www.gittas-verkstad.com\\\/de\\\/#website\",\"url\":\"https:\\\/\\\/www.gittas-verkstad.com\\\/de\\\/\",\"name\":\"Gittas verkstad\",\"description\":\"Gitta betreibt in Lennartsfors eine Werkstatt f\u00fcr Weben, Kunst und Design. Ihre Produkte verkauft sie in ihrer Gallerie auf Gjut\u00e5s am Dalslands Kanal.\",\"publisher\":{\"@id\":\"https:\\\/\\\/www.gittas-verkstad.com\\\/de\\\/#organization\"},\"potentialAction\":[{\"@type\":\"SearchAction\",\"target\":{\"@type\":\"EntryPoint\",\"urlTemplate\":\"https:\\\/\\\/www.gittas-verkstad.com\\\/de\\\/?s={search_term_string}\"},\"query-input\":{\"@type\":\"PropertyValueSpecification\",\"valueRequired\":true,\"valueName\":\"search_term_string\"}}],\"inLanguage\":\"de\"},{\"@type\":\"Organization\",\"@id\":\"https:\\\/\\\/www.gittas-verkstad.com\\\/de\\\/#organization\",\"name\":\"Gittas verkstad\",\"url\":\"https:\\\/\\\/www.gittas-verkstad.com\\\/de\\\/\",\"logo\":{\"@type\":\"ImageObject\",\"inLanguage\":\"de\",\"@id\":\"https:\\\/\\\/www.gittas-verkstad.com\\\/de\\\/#\\\/schema\\\/logo\\\/image\\\/\",\"url\":\"https:\\\/\\\/www.gittas-verkstad.com\\\/de\\\/wp-content\\\/uploads\\\/sites\\\/8\\\/2018\\\/04\\\/Gittas-verkstad-logo.jpg\",\"contentUrl\":\"https:\\\/\\\/www.gittas-verkstad.com\\\/de\\\/wp-content\\\/uploads\\\/sites\\\/8\\\/2018\\\/04\\\/Gittas-verkstad-logo.jpg\",\"width\":617,\"height\":146,\"caption\":\"Gittas verkstad\"},\"image\":{\"@id\":\"https:\\\/\\\/www.gittas-verkstad.com\\\/de\\\/#\\\/schema\\\/logo\\\/image\\\/\"},\"sameAs\":[\"https:\\\/\\\/www.facebook.com\\\/gittasverkstad\\\/\"]}]}<\/script>\n<!-- \/ Yoast SEO plugin. -->","yoast_head_json":{"title":"Pflanzenf\u00e4rbekurse 2026: Pflanzenf\u00e4rbekurse finden auch","description":"Pflanzenf\u00e4rbekurse 2026: Pflanzenf\u00e4rbekurse finden auch im Sommer 2026 in Gittas verkstad in V\u00e4rmland statt","robots":{"index":"index","follow":"follow","max-snippet":"max-snippet:-1","max-image-preview":"max-image-preview:large","max-video-preview":"max-video-preview:-1"},"canonical":"https:\/\/www.gittas-verkstad.com\/de\/kurse-faerben-mit-pflanzenfarben\/","og_locale":"de_DE","og_type":"article","og_title":"Pflanzenf\u00e4rbekurse 2026: Pflanzenf\u00e4rbekurse finden auch","og_description":"Pflanzenf\u00e4rbekurse 2026: Pflanzenf\u00e4rbekurse finden auch im Sommer 2026 in Gittas verkstad in V\u00e4rmland statt","og_url":"https:\/\/www.gittas-verkstad.com\/de\/kurse-faerben-mit-pflanzenfarben\/","og_site_name":"Gittas verkstad Weben, Kunst, Design \/ de \/ Lennartsfors","article_publisher":"https:\/\/www.facebook.com\/gittasverkstad\/","article_modified_time":"2026-04-29T14:29:59+00:00","og_image":[{"width":1680,"height":400,"url":"https:\/\/www.gittas-verkstad.com\/de\/wp-content\/uploads\/sites\/8\/2023\/02\/Pflanzenfaerbekurse-Gittas-Verkstad.jpg","type":"image\/jpeg"}],"twitter_card":"summary_large_image","twitter_misc":{"Gesch\u00e4tzte Lesezeit":"7\u00a0Minuten"},"schema":{"@context":"https:\/\/schema.org","@graph":[{"@type":"WebPage","@id":"https:\/\/www.gittas-verkstad.com\/de\/kurse-faerben-mit-pflanzenfarben\/","url":"https:\/\/www.gittas-verkstad.com\/de\/kurse-faerben-mit-pflanzenfarben\/","name":"Pflanzenf\u00e4rbekurse 2026: Pflanzenf\u00e4rbekurse finden auch","isPartOf":{"@id":"https:\/\/www.gittas-verkstad.com\/de\/#website"},"primaryImageOfPage":{"@id":"https:\/\/www.gittas-verkstad.com\/de\/kurse-faerben-mit-pflanzenfarben\/#primaryimage"},"image":{"@id":"https:\/\/www.gittas-verkstad.com\/de\/kurse-faerben-mit-pflanzenfarben\/#primaryimage"},"thumbnailUrl":"https:\/\/www.gittas-verkstad.com\/de\/wp-content\/uploads\/sites\/8\/2023\/02\/Pflanzenfaerbekurse-Gittas-Verkstad.jpg","datePublished":"2026-03-08T17:00:00+00:00","dateModified":"2026-04-29T14:29:59+00:00","description":"Pflanzenf\u00e4rbekurse 2026: Pflanzenf\u00e4rbekurse finden auch im Sommer 2026 in Gittas verkstad in V\u00e4rmland statt","breadcrumb":{"@id":"https:\/\/www.gittas-verkstad.com\/de\/kurse-faerben-mit-pflanzenfarben\/#breadcrumb"},"inLanguage":"de","potentialAction":[{"@type":"ReadAction","target":["https:\/\/www.gittas-verkstad.com\/de\/kurse-faerben-mit-pflanzenfarben\/"]}]},{"@type":"ImageObject","inLanguage":"de","@id":"https:\/\/www.gittas-verkstad.com\/de\/kurse-faerben-mit-pflanzenfarben\/#primaryimage","url":"https:\/\/www.gittas-verkstad.com\/de\/wp-content\/uploads\/sites\/8\/2023\/02\/Pflanzenfaerbekurse-Gittas-Verkstad.jpg","contentUrl":"https:\/\/www.gittas-verkstad.com\/de\/wp-content\/uploads\/sites\/8\/2023\/02\/Pflanzenfaerbekurse-Gittas-Verkstad.jpg","width":1680,"height":400,"caption":"Pflanzenfaerbekurse-Gittas-Verkstad"},{"@type":"BreadcrumbList","@id":"https:\/\/www.gittas-verkstad.com\/de\/kurse-faerben-mit-pflanzenfarben\/#breadcrumb","itemListElement":[{"@type":"ListItem","position":1,"name":"Startseite","item":"https:\/\/www.gittas-verkstad.com\/de\/"},{"@type":"ListItem","position":2,"name":"Pflanzenf\u00e4rbekurse 2026"}]},{"@type":"WebSite","@id":"https:\/\/www.gittas-verkstad.com\/de\/#website","url":"https:\/\/www.gittas-verkstad.com\/de\/","name":"Gittas verkstad","description":"Gitta betreibt in Lennartsfors eine Werkstatt f\u00fcr Weben, Kunst und Design. Ihre Produkte verkauft sie in ihrer Gallerie auf Gjut\u00e5s am Dalslands Kanal.","publisher":{"@id":"https:\/\/www.gittas-verkstad.com\/de\/#organization"},"potentialAction":[{"@type":"SearchAction","target":{"@type":"EntryPoint","urlTemplate":"https:\/\/www.gittas-verkstad.com\/de\/?s={search_term_string}"},"query-input":{"@type":"PropertyValueSpecification","valueRequired":true,"valueName":"search_term_string"}}],"inLanguage":"de"},{"@type":"Organization","@id":"https:\/\/www.gittas-verkstad.com\/de\/#organization","name":"Gittas verkstad","url":"https:\/\/www.gittas-verkstad.com\/de\/","logo":{"@type":"ImageObject","inLanguage":"de","@id":"https:\/\/www.gittas-verkstad.com\/de\/#\/schema\/logo\/image\/","url":"https:\/\/www.gittas-verkstad.com\/de\/wp-content\/uploads\/sites\/8\/2018\/04\/Gittas-verkstad-logo.jpg","contentUrl":"https:\/\/www.gittas-verkstad.com\/de\/wp-content\/uploads\/sites\/8\/2018\/04\/Gittas-verkstad-logo.jpg","width":617,"height":146,"caption":"Gittas verkstad"},"image":{"@id":"https:\/\/www.gittas-verkstad.com\/de\/#\/schema\/logo\/image\/"},"sameAs":["https:\/\/www.facebook.com\/gittasverkstad\/"]}]}},"_links":{"self":[{"href":"https:\/\/www.gittas-verkstad.com\/de\/wp-json\/wp\/v2\/pages\/559","targetHints":{"allow":["GET"]}}],"collection":[{"href":"https:\/\/www.gittas-verkstad.com\/de\/wp-json\/wp\/v2\/pages"}],"about":[{"href":"https:\/\/www.gittas-verkstad.com\/de\/wp-json\/wp\/v2\/types\/page"}],"author":[{"embeddable":true,"href":"https:\/\/www.gittas-verkstad.com\/de\/wp-json\/wp\/v2\/users\/1"}],"replies":[{"embeddable":true,"href":"https:\/\/www.gittas-verkstad.com\/de\/wp-json\/wp\/v2\/comments?post=559"}],"version-history":[{"count":192,"href":"https:\/\/www.gittas-verkstad.com\/de\/wp-json\/wp\/v2\/pages\/559\/revisions"}],"predecessor-version":[{"id":2883,"href":"https:\/\/www.gittas-verkstad.com\/de\/wp-json\/wp\/v2\/pages\/559\/revisions\/2883"}],"wp:featuredmedia":[{"embeddable":true,"href":"https:\/\/www.gittas-verkstad.com\/de\/wp-json\/wp\/v2\/media\/2260"}],"wp:attachment":[{"href":"https:\/\/www.gittas-verkstad.com\/de\/wp-json\/wp\/v2\/media?parent=559"}],"curies":[{"name":"wp","href":"https:\/\/api.w.org\/{rel}","templated":true}]}}