{"id":18,"date":"2026-03-17T14:22:00","date_gmt":"2026-03-17T13:22:00","guid":{"rendered":"http:\/\/www.gittas-verkstad.com\/de\/?page_id=18"},"modified":"2026-04-28T11:35:39","modified_gmt":"2026-04-28T09:35:39","slug":"kontakt-gittas-verkstad","status":"publish","type":"page","link":"https:\/\/www.gittas-verkstad.com\/de\/kontakt-gittas-verkstad\/","title":{"rendered":"Kontakt &amp; \u00d6ffnungszeiten 2026"},"content":{"rendered":"<h2>Kontakt<\/h2>\n<p>Mobil: +46 (0)73 838 56 82<br \/>\nE-Mail: <a href=\"mailto:kontakt@gittas-verkstad.com\">kontakt@gittas-verkstad.com<\/a><\/p>\n<h2>Adresse<\/h2>\n<p>Gittas Verkstad<br \/>\nK\u00e4llsbyn Gjut\u00e5s 1<br \/>\n672 92 \u00c5rj\u00e4ng<br \/>\nSchweden<\/p>\n<h2>\u00d6ffnungszeiten<\/h2>\n<p><strong>Sommer\u00f6ffnungszeiten<br \/>\n<\/strong>26. Juni \u2013 29. August 2026<\/p>\n<p>Freitag und Samstag<br \/>\n<strong>11:00 \u2013 17:00 Uhr<\/strong><\/p>\n<p>Wenn Sie an einem anderen Tag kommen m\u00f6chten, schauen Sie einfach vorbei oder rufen vorher kurz an, ob wir zu Hause sind.<\/p>\n<p><strong>Saisonauftakt in meiner Verkstad und Butik ab 15. Mai &#8211; noch ohne die oben genannten \u00d6ffnungszeitenn.<br \/>\nSie sind herzlich eingeladen, schon jetzt vorbeizuschauen.<\/strong><\/p>\n<h2>So finden Sie Gittas Verkstad<\/h2>\n<p>Gittas Verkstad finden Sie auf Gjut\u00e5s in K\u00e4llsbyn \/ Lennartsfors. Der Ort geh\u00f6rt zur Gemeinde \u00c5rj\u00e4ng und liegt mit seiner sehenswerten Schleusenanlage direkt am Dalslands Kanal.<\/p>\n<p>Wir wohnen etwas au\u00dferhalb des Zentrums im Ortsteil K\u00e4llsbyn. Wenn Sie aus \u00c5rj\u00e4ng kommen, finden Sie den Hof Gjut\u00e5s direkt an der Stra\u00dfe 506 &#8211;\u00a0 ewa zwei Kilometer s\u00fcdlich der Schleuse in Lennartsfors gleich hinter dem Stra\u00dfenschild \u201eBengtsfors 43 km\u201c. Aus Richtung Bengtsfors kommend erreichen Sie uns etwa zwei Kilometer nach der Abzweigung zu &#8222;Trankils kyrka&#8220; (Trankils Kirche)<\/p>\n<p>An unserer Einfahrt steht ein Schild:<br \/>\n<strong>Gittas Verkstad , V\u00e4v &#8211; Konst &#8211; Design<\/strong><br \/>\n(Gittas Werkstatt, Weben &#8211; Kunst &#8211; Design)<\/p>\n<p>Herzlich willkommen auf unserem kleinen typisch schwedischen Hof mit Gittas Verkstad und Butik!<\/p>\n<p>&nbsp;<\/p>\n\r\n            \r\n            \r\n            \r\n            <a name='map1'><\/a>\r\n            \r\n            \r\n            \r\n            \r\n            <div class=\"wpgmza_map \"  id=\"wpgmza_map_1\" style=\"display:block; overflow:auto; width:600px; height:400px; float:left;\" data-settings='{\"id\":\"1\",\"map_title\":\"Gittas verkstad\",\"map_width\":\"600\",\"map_height\":\"400\",\"map_start_lat\":\"59.509430\",\"map_start_lng\":\"12.326893\",\"map_start_location\":\"59.50943049663293,12.326892642475059\",\"map_start_zoom\":\"9\",\"default_marker\":\"0\",\"type\":\"1\",\"alignment\":\"1\",\"directions_enabled\":\"0\",\"styling_enabled\":\"0\",\"styling_json\":\"\",\"active\":\"0\",\"kml\":\"\",\"bicycle\":\"0\",\"traffic\":\"0\",\"dbox\":\"1\",\"dbox_width\":\"100\",\"listmarkers\":\"0\",\"listmarkers_advanced\":\"0\",\"filterbycat\":\"0\",\"ugm_enabled\":\"0\",\"ugm_category_enabled\":\"0\",\"fusion\":\"\",\"map_width_type\":\"px\",\"map_height_type\":\"px\",\"mass_marker_support\":\"0\",\"ugm_access\":\"0\",\"order_markers_by\":\"1\",\"order_markers_choice\":\"2\",\"show_user_location\":\"2\",\"default_to\":\"\",\"other_settings\":{\"store_locator_style\":\"legacy\",\"wpgmza_store_locator_radius_style\":\"legacy\",\"directions_box_style\":\"modern\",\"wpgmza_dbox_width_type\":\"%\",\"map_max_zoom\":\"3\",\"map_min_zoom\":\"21\",\"sl_stroke_color\":\"\",\"sl_stroke_opacity\":\"\",\"sl_fill_color\":\"\",\"sl_fill_opacity\":\"\",\"click_open_link\":2,\"transport_layer\":0,\"iw_primary_color\":\"2A3744\",\"iw_accent_color\":\"252F3A\",\"iw_text_color\":\"FFFFFF\",\"wpgmza_iw_type\":\"-1\",\"list_markers_by\":\"0\",\"push_in_map\":\"\",\"push_in_map_placement\":\"9\",\"wpgmza_push_in_map_width\":\"\",\"wpgmza_push_in_map_height\":\"\",\"wpgmza_theme_data\":\"\",\"upload_default_ul_marker\":\"\",\"upload_default_sl_marker\":\"\",\"shortcodeAttributes\":{\"id\":\"1\"}}}' data-map-id='1' data-shortcode-attributes='{\"id\":\"1\"}'> <\/div>\r\n            \r\n               \r\n        \n","protected":false},"excerpt":{"rendered":"<p>Kontakt Mobil: +46 (0)73 838 56 82 E-Mail: kontakt@gittas-verkstad.com Adresse Gittas Verkstad K\u00e4llsbyn Gjut\u00e5s 1 672 92 \u00c5rj\u00e4ng Schweden \u00d6ffnungszeiten Sommer\u00f6ffnungszeiten 26. Juni \u2013 29. August 2026 Freitag und Samstag 11:00 \u2013 17:00 Uhr Wenn Sie an einem anderen Tag <a class=\"more-link\" href=\"https:\/\/www.gittas-verkstad.com\/de\/kontakt-gittas-verkstad\/\">weiterlesen&#8230;<\/a><\/p>\n","protected":false},"author":1,"featured_media":2185,"parent":0,"menu_order":0,"comment_status":"closed","ping_status":"closed","template":"","meta":{"footnotes":""},"class_list":["post-18","page","type-page","status-publish","has-post-thumbnail","hentry"],"yoast_head":"<!-- This site is optimized with the Yoast SEO plugin v27.5 - https:\/\/yoast.com\/product\/yoast-seo-wordpress\/ -->\n<title>Kontakt und \u00d6ffnungszeiten<\/title>\n<meta name=\"description\" content=\"Sommer\u00f6ffnungszeiten 2026: 26. Juni \u2013 12. September, Freitag und Samstag 11:00 \u2013 17:00 Uhr. Au\u00dferhalb der Saison und an allen\" \/>\n<meta name=\"robots\" content=\"index, follow, max-snippet:-1, max-image-preview:large, max-video-preview:-1\" \/>\n<link rel=\"canonical\" href=\"https:\/\/www.gittas-verkstad.com\/de\/kontakt-gittas-verkstad\/\" \/>\n<meta property=\"og:locale\" content=\"de_DE\" \/>\n<meta property=\"og:type\" content=\"article\" \/>\n<meta property=\"og:title\" content=\"Kontakt und \u00d6ffnungszeiten\" \/>\n<meta property=\"og:description\" content=\"Sommer\u00f6ffnungszeiten 2026: 26. Juni \u2013 12. September, Freitag und Samstag 11:00 \u2013 17:00 Uhr. Au\u00dferhalb der Saison und an allen\" \/>\n<meta property=\"og:url\" content=\"https:\/\/www.gittas-verkstad.com\/de\/kontakt-gittas-verkstad\/\" \/>\n<meta property=\"og:site_name\" content=\"Gittas verkstad Weben, Kunst, Design \/ de \/ Lennartsfors\" \/>\n<meta property=\"article:publisher\" content=\"https:\/\/www.facebook.com\/gittasverkstad\/\" \/>\n<meta property=\"article:modified_time\" content=\"2026-04-28T09:35:39+00:00\" \/>\n<meta property=\"og:image\" content=\"https:\/\/www.gittas-verkstad.com\/de\/wp-content\/uploads\/sites\/8\/2023\/02\/Schild-Gittas-Verkstad-Weben-Kunst-Design-mit-Hofladen.jpg\" \/>\n\t<meta property=\"og:image:width\" content=\"1680\" \/>\n\t<meta property=\"og:image:height\" content=\"401\" \/>\n\t<meta property=\"og:image:type\" content=\"image\/jpeg\" \/>\n<meta name=\"twitter:card\" content=\"summary_large_image\" \/>\n<meta name=\"twitter:label1\" content=\"Gesch\u00e4tzte Lesezeit\" \/>\n\t<meta name=\"twitter:data1\" content=\"2\u00a0Minuten\" \/>\n<script type=\"application\/ld+json\" class=\"yoast-schema-graph\">{\"@context\":\"https:\\\/\\\/schema.org\",\"@graph\":[{\"@type\":\"WebPage\",\"@id\":\"https:\\\/\\\/www.gittas-verkstad.com\\\/de\\\/kontakt-gittas-verkstad\\\/\",\"url\":\"https:\\\/\\\/www.gittas-verkstad.com\\\/de\\\/kontakt-gittas-verkstad\\\/\",\"name\":\"Kontakt und \u00d6ffnungszeiten\",\"isPartOf\":{\"@id\":\"https:\\\/\\\/www.gittas-verkstad.com\\\/de\\\/#website\"},\"primaryImageOfPage\":{\"@id\":\"https:\\\/\\\/www.gittas-verkstad.com\\\/de\\\/kontakt-gittas-verkstad\\\/#primaryimage\"},\"image\":{\"@id\":\"https:\\\/\\\/www.gittas-verkstad.com\\\/de\\\/kontakt-gittas-verkstad\\\/#primaryimage\"},\"thumbnailUrl\":\"https:\\\/\\\/www.gittas-verkstad.com\\\/de\\\/wp-content\\\/uploads\\\/sites\\\/8\\\/2023\\\/02\\\/Schild-Gittas-Verkstad-Weben-Kunst-Design-mit-Hofladen.jpg\",\"datePublished\":\"2026-03-17T13:22:00+00:00\",\"dateModified\":\"2026-04-28T09:35:39+00:00\",\"description\":\"Sommer\u00f6ffnungszeiten 2026: 26. Juni \u2013 12. September, Freitag und Samstag 11:00 \u2013 17:00 Uhr. Au\u00dferhalb der Saison und an allen\",\"breadcrumb\":{\"@id\":\"https:\\\/\\\/www.gittas-verkstad.com\\\/de\\\/kontakt-gittas-verkstad\\\/#breadcrumb\"},\"inLanguage\":\"de\",\"potentialAction\":[{\"@type\":\"ReadAction\",\"target\":[\"https:\\\/\\\/www.gittas-verkstad.com\\\/de\\\/kontakt-gittas-verkstad\\\/\"]}]},{\"@type\":\"ImageObject\",\"inLanguage\":\"de\",\"@id\":\"https:\\\/\\\/www.gittas-verkstad.com\\\/de\\\/kontakt-gittas-verkstad\\\/#primaryimage\",\"url\":\"https:\\\/\\\/www.gittas-verkstad.com\\\/de\\\/wp-content\\\/uploads\\\/sites\\\/8\\\/2023\\\/02\\\/Schild-Gittas-Verkstad-Weben-Kunst-Design-mit-Hofladen.jpg\",\"contentUrl\":\"https:\\\/\\\/www.gittas-verkstad.com\\\/de\\\/wp-content\\\/uploads\\\/sites\\\/8\\\/2023\\\/02\\\/Schild-Gittas-Verkstad-Weben-Kunst-Design-mit-Hofladen.jpg\",\"width\":1680,\"height\":401,\"caption\":\"Schild-Gittas-Verkstad-Weben-Kunst-Design-mit-Hofladen.\"},{\"@type\":\"BreadcrumbList\",\"@id\":\"https:\\\/\\\/www.gittas-verkstad.com\\\/de\\\/kontakt-gittas-verkstad\\\/#breadcrumb\",\"itemListElement\":[{\"@type\":\"ListItem\",\"position\":1,\"name\":\"Startseite\",\"item\":\"https:\\\/\\\/www.gittas-verkstad.com\\\/de\\\/\"},{\"@type\":\"ListItem\",\"position\":2,\"name\":\"Kontakt &amp; \u00d6ffnungszeiten 2026\"}]},{\"@type\":\"WebSite\",\"@id\":\"https:\\\/\\\/www.gittas-verkstad.com\\\/de\\\/#website\",\"url\":\"https:\\\/\\\/www.gittas-verkstad.com\\\/de\\\/\",\"name\":\"Gittas verkstad\",\"description\":\"Gitta betreibt in Lennartsfors eine Werkstatt f\u00fcr Weben, Kunst und Design. Ihre Produkte verkauft sie in ihrer Gallerie auf Gjut\u00e5s am Dalslands Kanal.\",\"publisher\":{\"@id\":\"https:\\\/\\\/www.gittas-verkstad.com\\\/de\\\/#organization\"},\"potentialAction\":[{\"@type\":\"SearchAction\",\"target\":{\"@type\":\"EntryPoint\",\"urlTemplate\":\"https:\\\/\\\/www.gittas-verkstad.com\\\/de\\\/?s={search_term_string}\"},\"query-input\":{\"@type\":\"PropertyValueSpecification\",\"valueRequired\":true,\"valueName\":\"search_term_string\"}}],\"inLanguage\":\"de\"},{\"@type\":\"Organization\",\"@id\":\"https:\\\/\\\/www.gittas-verkstad.com\\\/de\\\/#organization\",\"name\":\"Gittas verkstad\",\"url\":\"https:\\\/\\\/www.gittas-verkstad.com\\\/de\\\/\",\"logo\":{\"@type\":\"ImageObject\",\"inLanguage\":\"de\",\"@id\":\"https:\\\/\\\/www.gittas-verkstad.com\\\/de\\\/#\\\/schema\\\/logo\\\/image\\\/\",\"url\":\"https:\\\/\\\/www.gittas-verkstad.com\\\/de\\\/wp-content\\\/uploads\\\/sites\\\/8\\\/2018\\\/04\\\/Gittas-verkstad-logo.jpg\",\"contentUrl\":\"https:\\\/\\\/www.gittas-verkstad.com\\\/de\\\/wp-content\\\/uploads\\\/sites\\\/8\\\/2018\\\/04\\\/Gittas-verkstad-logo.jpg\",\"width\":617,\"height\":146,\"caption\":\"Gittas verkstad\"},\"image\":{\"@id\":\"https:\\\/\\\/www.gittas-verkstad.com\\\/de\\\/#\\\/schema\\\/logo\\\/image\\\/\"},\"sameAs\":[\"https:\\\/\\\/www.facebook.com\\\/gittasverkstad\\\/\"]}]}<\/script>\n<!-- \/ Yoast SEO plugin. -->","yoast_head_json":{"title":"Kontakt und \u00d6ffnungszeiten","description":"Sommer\u00f6ffnungszeiten 2026: 26. Juni \u2013 12. September, Freitag und Samstag 11:00 \u2013 17:00 Uhr. Au\u00dferhalb der Saison und an allen","robots":{"index":"index","follow":"follow","max-snippet":"max-snippet:-1","max-image-preview":"max-image-preview:large","max-video-preview":"max-video-preview:-1"},"canonical":"https:\/\/www.gittas-verkstad.com\/de\/kontakt-gittas-verkstad\/","og_locale":"de_DE","og_type":"article","og_title":"Kontakt und \u00d6ffnungszeiten","og_description":"Sommer\u00f6ffnungszeiten 2026: 26. Juni \u2013 12. September, Freitag und Samstag 11:00 \u2013 17:00 Uhr. Au\u00dferhalb der Saison und an allen","og_url":"https:\/\/www.gittas-verkstad.com\/de\/kontakt-gittas-verkstad\/","og_site_name":"Gittas verkstad Weben, Kunst, Design \/ de \/ Lennartsfors","article_publisher":"https:\/\/www.facebook.com\/gittasverkstad\/","article_modified_time":"2026-04-28T09:35:39+00:00","og_image":[{"width":1680,"height":401,"url":"https:\/\/www.gittas-verkstad.com\/de\/wp-content\/uploads\/sites\/8\/2023\/02\/Schild-Gittas-Verkstad-Weben-Kunst-Design-mit-Hofladen.jpg","type":"image\/jpeg"}],"twitter_card":"summary_large_image","twitter_misc":{"Gesch\u00e4tzte Lesezeit":"2\u00a0Minuten"},"schema":{"@context":"https:\/\/schema.org","@graph":[{"@type":"WebPage","@id":"https:\/\/www.gittas-verkstad.com\/de\/kontakt-gittas-verkstad\/","url":"https:\/\/www.gittas-verkstad.com\/de\/kontakt-gittas-verkstad\/","name":"Kontakt und \u00d6ffnungszeiten","isPartOf":{"@id":"https:\/\/www.gittas-verkstad.com\/de\/#website"},"primaryImageOfPage":{"@id":"https:\/\/www.gittas-verkstad.com\/de\/kontakt-gittas-verkstad\/#primaryimage"},"image":{"@id":"https:\/\/www.gittas-verkstad.com\/de\/kontakt-gittas-verkstad\/#primaryimage"},"thumbnailUrl":"https:\/\/www.gittas-verkstad.com\/de\/wp-content\/uploads\/sites\/8\/2023\/02\/Schild-Gittas-Verkstad-Weben-Kunst-Design-mit-Hofladen.jpg","datePublished":"2026-03-17T13:22:00+00:00","dateModified":"2026-04-28T09:35:39+00:00","description":"Sommer\u00f6ffnungszeiten 2026: 26. Juni \u2013 12. September, Freitag und Samstag 11:00 \u2013 17:00 Uhr. Au\u00dferhalb der Saison und an allen","breadcrumb":{"@id":"https:\/\/www.gittas-verkstad.com\/de\/kontakt-gittas-verkstad\/#breadcrumb"},"inLanguage":"de","potentialAction":[{"@type":"ReadAction","target":["https:\/\/www.gittas-verkstad.com\/de\/kontakt-gittas-verkstad\/"]}]},{"@type":"ImageObject","inLanguage":"de","@id":"https:\/\/www.gittas-verkstad.com\/de\/kontakt-gittas-verkstad\/#primaryimage","url":"https:\/\/www.gittas-verkstad.com\/de\/wp-content\/uploads\/sites\/8\/2023\/02\/Schild-Gittas-Verkstad-Weben-Kunst-Design-mit-Hofladen.jpg","contentUrl":"https:\/\/www.gittas-verkstad.com\/de\/wp-content\/uploads\/sites\/8\/2023\/02\/Schild-Gittas-Verkstad-Weben-Kunst-Design-mit-Hofladen.jpg","width":1680,"height":401,"caption":"Schild-Gittas-Verkstad-Weben-Kunst-Design-mit-Hofladen."},{"@type":"BreadcrumbList","@id":"https:\/\/www.gittas-verkstad.com\/de\/kontakt-gittas-verkstad\/#breadcrumb","itemListElement":[{"@type":"ListItem","position":1,"name":"Startseite","item":"https:\/\/www.gittas-verkstad.com\/de\/"},{"@type":"ListItem","position":2,"name":"Kontakt &amp; \u00d6ffnungszeiten 2026"}]},{"@type":"WebSite","@id":"https:\/\/www.gittas-verkstad.com\/de\/#website","url":"https:\/\/www.gittas-verkstad.com\/de\/","name":"Gittas verkstad","description":"Gitta betreibt in Lennartsfors eine Werkstatt f\u00fcr Weben, Kunst und Design. Ihre Produkte verkauft sie in ihrer Gallerie auf Gjut\u00e5s am Dalslands Kanal.","publisher":{"@id":"https:\/\/www.gittas-verkstad.com\/de\/#organization"},"potentialAction":[{"@type":"SearchAction","target":{"@type":"EntryPoint","urlTemplate":"https:\/\/www.gittas-verkstad.com\/de\/?s={search_term_string}"},"query-input":{"@type":"PropertyValueSpecification","valueRequired":true,"valueName":"search_term_string"}}],"inLanguage":"de"},{"@type":"Organization","@id":"https:\/\/www.gittas-verkstad.com\/de\/#organization","name":"Gittas verkstad","url":"https:\/\/www.gittas-verkstad.com\/de\/","logo":{"@type":"ImageObject","inLanguage":"de","@id":"https:\/\/www.gittas-verkstad.com\/de\/#\/schema\/logo\/image\/","url":"https:\/\/www.gittas-verkstad.com\/de\/wp-content\/uploads\/sites\/8\/2018\/04\/Gittas-verkstad-logo.jpg","contentUrl":"https:\/\/www.gittas-verkstad.com\/de\/wp-content\/uploads\/sites\/8\/2018\/04\/Gittas-verkstad-logo.jpg","width":617,"height":146,"caption":"Gittas verkstad"},"image":{"@id":"https:\/\/www.gittas-verkstad.com\/de\/#\/schema\/logo\/image\/"},"sameAs":["https:\/\/www.facebook.com\/gittasverkstad\/"]}]}},"_links":{"self":[{"href":"https:\/\/www.gittas-verkstad.com\/de\/wp-json\/wp\/v2\/pages\/18","targetHints":{"allow":["GET"]}}],"collection":[{"href":"https:\/\/www.gittas-verkstad.com\/de\/wp-json\/wp\/v2\/pages"}],"about":[{"href":"https:\/\/www.gittas-verkstad.com\/de\/wp-json\/wp\/v2\/types\/page"}],"author":[{"embeddable":true,"href":"https:\/\/www.gittas-verkstad.com\/de\/wp-json\/wp\/v2\/users\/1"}],"replies":[{"embeddable":true,"href":"https:\/\/www.gittas-verkstad.com\/de\/wp-json\/wp\/v2\/comments?post=18"}],"version-history":[{"count":68,"href":"https:\/\/www.gittas-verkstad.com\/de\/wp-json\/wp\/v2\/pages\/18\/revisions"}],"predecessor-version":[{"id":2882,"href":"https:\/\/www.gittas-verkstad.com\/de\/wp-json\/wp\/v2\/pages\/18\/revisions\/2882"}],"wp:featuredmedia":[{"embeddable":true,"href":"https:\/\/www.gittas-verkstad.com\/de\/wp-json\/wp\/v2\/media\/2185"}],"wp:attachment":[{"href":"https:\/\/www.gittas-verkstad.com\/de\/wp-json\/wp\/v2\/media?parent=18"}],"curies":[{"name":"wp","href":"https:\/\/api.w.org\/{rel}","templated":true}]}}